{"id":146,"date":"2017-11-28T21:38:16","date_gmt":"2017-11-28T20:38:16","guid":{"rendered":"http:\/\/serwer1745067.home.pl\/autoinstalator\/wordpress\/?page_id=146"},"modified":"2017-12-01T19:35:48","modified_gmt":"2017-12-01T18:35:48","slug":"ksiazki-popularnonaukowe","status":"publish","type":"page","link":"https:\/\/jacekkowalski.pl\/?page_id=146","title":{"rendered":"ksi\u0105\u017cki naukowe i popularnonaukowe"},"content":{"rendered":"<h3>ksi\u0105\u017cki naukowe autorskie<\/h3>\n<h4>2016<\/h4>\n<p><strong><em>Zapomniana trylogia 1863. Traugutt \u2013 Grottger \u2013 Olszak<\/em>,<\/strong><br \/>\nPozna\u0144 2016<br \/>\n<img loading=\"lazy\" class=\"alignnone size-medium wp-image-314\" src=\"http:\/\/serwer1745067.home.pl\/autoinstalator\/wordpress\/wp-content\/uploads\/2017\/11\/ZAPOMNIANA-TRYLOGIA-217x300.jpg\" alt=\"\" width=\"217\" height=\"300\" srcset=\"https:\/\/jacekkowalski.pl\/wp-content\/uploads\/2017\/11\/ZAPOMNIANA-TRYLOGIA-217x300.jpg 217w, https:\/\/jacekkowalski.pl\/wp-content\/uploads\/2017\/11\/ZAPOMNIANA-TRYLOGIA.jpg 252w\" sizes=\"(max-width: 217px) 100vw, 217px\" \/><\/p>\n<h4>2014<\/h4>\n<p><strong><em>Meble Kowalskich. Ludzie i rzeczy<\/em>,<\/strong><br \/>\nPozna\u0144-D\u0119bog\u00f3ra 2014<br \/>\n<img loading=\"lazy\" class=\"alignnone wp-image-392 size-medium\" src=\"http:\/\/serwer1745067.home.pl\/autoinstalator\/wordpress\/wp-content\/uploads\/2017\/12\/meble-kowalskich-okladka-296x300.jpg\" alt=\"\" width=\"296\" height=\"300\" srcset=\"https:\/\/jacekkowalski.pl\/wp-content\/uploads\/2017\/12\/meble-kowalskich-okladka-296x300.jpg 296w, https:\/\/jacekkowalski.pl\/wp-content\/uploads\/2017\/12\/meble-kowalskich-okladka-100x100.jpg 100w, https:\/\/jacekkowalski.pl\/wp-content\/uploads\/2017\/12\/meble-kowalskich-okladka.jpg 710w\" sizes=\"(max-width: 296px) 100vw, 296px\" \/><\/p>\n<h4>2010<\/h4>\n<p><strong><em>Gotyk wielkopolski. Architektura sakralna XIII-XVI wieku<\/em>,<\/strong><br \/>\nPozna\u0144 2010<br \/>\n<img loading=\"lazy\" class=\"alignnone size-medium wp-image-287\" src=\"http:\/\/serwer1745067.home.pl\/autoinstalator\/wordpress\/wp-content\/uploads\/2017\/11\/OKLADKA-GOTYK-WIELKOPOLSKI-okladka-212x300.jpg\" alt=\"\" width=\"212\" height=\"300\" srcset=\"https:\/\/jacekkowalski.pl\/wp-content\/uploads\/2017\/11\/OKLADKA-GOTYK-WIELKOPOLSKI-okladka-212x300.jpg 212w, https:\/\/jacekkowalski.pl\/wp-content\/uploads\/2017\/11\/OKLADKA-GOTYK-WIELKOPOLSKI-okladka-768x1086.jpg 768w, https:\/\/jacekkowalski.pl\/wp-content\/uploads\/2017\/11\/OKLADKA-GOTYK-WIELKOPOLSKI-okladka-724x1024.jpg 724w, https:\/\/jacekkowalski.pl\/wp-content\/uploads\/2017\/11\/OKLADKA-GOTYK-WIELKOPOLSKI-okladka.jpg 827w\" sizes=\"(max-width: 212px) 100vw, 212px\" \/><\/p>\n<h4>2007<\/h4>\n<p><strong><em>Kolegiata k\u00f3rnicka. Od prywatnej \u015bwi\u0105tyni do romantycznego sejmu Rzeczypospolitej. Monografia artystyczna<\/em>,<\/strong><br \/>\nK\u00f3rnik 2007<br \/>\n<img loading=\"lazy\" class=\"alignnone size-medium wp-image-296\" src=\"http:\/\/serwer1745067.home.pl\/autoinstalator\/wordpress\/wp-content\/uploads\/2017\/11\/pub_kolegiata_1-286x300.jpg\" alt=\"\" width=\"286\" height=\"300\" srcset=\"https:\/\/jacekkowalski.pl\/wp-content\/uploads\/2017\/11\/pub_kolegiata_1-286x300.jpg 286w, https:\/\/jacekkowalski.pl\/wp-content\/uploads\/2017\/11\/pub_kolegiata_1.jpg 289w\" sizes=\"(max-width: 286px) 100vw, 286px\" \/><\/p>\n<h4>2001<\/h4>\n<p><strong><em>Rymowane zamki. Tematy architektoniczne w literaturze starofrancuskiej drugiej po\u0142owy XII wieku<\/em>,<\/strong><br \/>\nWarszawa 2001<br \/>\n<img loading=\"lazy\" class=\"alignnone size-medium wp-image-239\" src=\"http:\/\/serwer1745067.home.pl\/autoinstalator\/wordpress\/wp-content\/uploads\/2017\/11\/OKLADKA-rymowane-zamki-okladka-PRAWDZIWE-218x300.jpg\" alt=\"\" width=\"218\" height=\"300\" srcset=\"https:\/\/jacekkowalski.pl\/wp-content\/uploads\/2017\/11\/OKLADKA-rymowane-zamki-okladka-PRAWDZIWE-218x300.jpg 218w, https:\/\/jacekkowalski.pl\/wp-content\/uploads\/2017\/11\/OKLADKA-rymowane-zamki-okladka-PRAWDZIWE-768x1056.jpg 768w, https:\/\/jacekkowalski.pl\/wp-content\/uploads\/2017\/11\/OKLADKA-rymowane-zamki-okladka-PRAWDZIWE-745x1024.jpg 745w, https:\/\/jacekkowalski.pl\/wp-content\/uploads\/2017\/11\/OKLADKA-rymowane-zamki-okladka-PRAWDZIWE.jpg 1060w\" sizes=\"(max-width: 218px) 100vw, 218px\" \/><\/p>\n<h3>ksi\u0105\u017cki naukowe wsp\u00f3\u0142autorskie<\/h3>\n<h4>2014<\/h4>\n<p><strong><em>Gro\u00dfpolen<\/em>,<\/strong> [w:] <em>Mittelalterliche Architektur in Polen. Romanische und gotische Baukunst zwischen Oder und Weichsel<\/em>, Hg. Christofer Herrmann, Dethard von Winterfeld, Michael Imhof Verlag, Petersberg\u00a02014, t. I, s. 268-378.<br \/>\n<img loading=\"lazy\" class=\"alignnone size-medium wp-image-269\" src=\"http:\/\/serwer1745067.home.pl\/autoinstalator\/wordpress\/wp-content\/uploads\/2017\/11\/mittelalterliche-300x300.jpg\" alt=\"\" width=\"300\" height=\"300\" srcset=\"https:\/\/jacekkowalski.pl\/wp-content\/uploads\/2017\/11\/mittelalterliche-300x300.jpg 300w, https:\/\/jacekkowalski.pl\/wp-content\/uploads\/2017\/11\/mittelalterliche-150x150.jpg 150w, https:\/\/jacekkowalski.pl\/wp-content\/uploads\/2017\/11\/mittelalterliche-100x100.jpg 100w, https:\/\/jacekkowalski.pl\/wp-content\/uploads\/2017\/11\/mittelalterliche.jpg 650w\" sizes=\"(max-width: 300px) 100vw, 300px\" \/><\/p>\n<h4>2009<\/h4>\n<p><strong><em>Barok<\/em>,<\/strong> w: B. Hojdis, J. Kowalski, K. Meller, <em>Literatura staropolska<\/em>, Pozna\u0144 2009, s. 177- 322<br \/>\n<img loading=\"lazy\" class=\"alignnone size-medium wp-image-266\" src=\"http:\/\/serwer1745067.home.pl\/autoinstalator\/wordpress\/wp-content\/uploads\/2017\/11\/literatura-staropolska-212x300.jpg\" alt=\"\" width=\"212\" height=\"300\" srcset=\"https:\/\/jacekkowalski.pl\/wp-content\/uploads\/2017\/11\/literatura-staropolska-212x300.jpg 212w, https:\/\/jacekkowalski.pl\/wp-content\/uploads\/2017\/11\/literatura-staropolska.jpg 282w\" sizes=\"(max-width: 212px) 100vw, 212px\" \/><\/p>\n<h4>2005<\/h4>\n<p><strong><em>Francja \u015bredniowieczna<\/em>,<\/strong> w: J. Kowalski, A. i M. Loba, J. Prokop, <em>Dzieje kultury Francuskiej<\/em>, Warszawa 2005, s. 17-230<br \/>\n<img loading=\"lazy\" class=\"alignnone size-full wp-image-253\" src=\"http:\/\/serwer1745067.home.pl\/autoinstalator\/wordpress\/wp-content\/uploads\/2017\/11\/dzieje-kultury-francuskiej.jpg\" alt=\"\" width=\"197\" height=\"280\" \/><\/p>\n<h4>2003<\/h4>\n<p><strong><em>Literatura francuska<\/em>,<\/strong> w: <em>Historia literatury \u015bwiatowej w dziesi\u0119ciu tomach, t. II, \u015aredniowiecze, cz. 1<\/em>, red. T. Skoczek, L. \u017buli\u0144ski, Bochnia-Krak\u00f3w-Warszawa bd. [2003], s. 293-360<\/p>\n<h3>ksi\u0105\u017cki popularnonaukowe<\/h3>\n<h4>2016<\/h4>\n<p><strong><em>Sarmacja. Obalanie mit\u00f3w. Podr\u0119cznik bojowy<\/em>,<\/strong><br \/>\nWarszawa 2016 [uhonorowana Nagrod\u0105 literack\u0105 im. J\u00f3zefa A. Mackiewicza za rok 2017]<br \/>\n<img loading=\"lazy\" class=\"alignnone size-medium wp-image-258\" src=\"http:\/\/serwer1745067.home.pl\/autoinstalator\/wordpress\/wp-content\/uploads\/2017\/11\/Jacek_Kowalski_SARMACJA_OBALANIE_MITOW_PODRECZNIK_BOJOWY-196x300.jpg\" alt=\"\" width=\"196\" height=\"300\" srcset=\"https:\/\/jacekkowalski.pl\/wp-content\/uploads\/2017\/11\/Jacek_Kowalski_SARMACJA_OBALANIE_MITOW_PODRECZNIK_BOJOWY-196x300.jpg 196w, https:\/\/jacekkowalski.pl\/wp-content\/uploads\/2017\/11\/Jacek_Kowalski_SARMACJA_OBALANIE_MITOW_PODRECZNIK_BOJOWY-768x1173.jpg 768w, https:\/\/jacekkowalski.pl\/wp-content\/uploads\/2017\/11\/Jacek_Kowalski_SARMACJA_OBALANIE_MITOW_PODRECZNIK_BOJOWY-671x1024.jpg 671w, https:\/\/jacekkowalski.pl\/wp-content\/uploads\/2017\/11\/Jacek_Kowalski_SARMACJA_OBALANIE_MITOW_PODRECZNIK_BOJOWY.jpg 1422w\" sizes=\"(max-width: 196px) 100vw, 196px\" \/><\/p>\n<h4>2011<\/h4>\n<p><strong><em>Wielka Encyklopedia Staropolska<\/em>,<\/strong><br \/>\nPozna\u0144 2011<br \/>\n<img loading=\"lazy\" class=\"alignnone size-medium wp-image-313\" src=\"http:\/\/serwer1745067.home.pl\/autoinstalator\/wordpress\/wp-content\/uploads\/2017\/11\/wielka-encyklopedia-215x300.jpg\" alt=\"\" width=\"215\" height=\"300\" \/><\/p>\n<p><strong><em>Na szlaku ko\u015bcio\u0142\u00f3w drewnianych wok\u00f3\u0142 Puszczy Zielonka<\/em>,<\/strong><br \/>\nPozna\u0144 2011 [reedycja w zmienionym kszta\u0142cie pozycji: Podr\u00f3\u017c do dwunastu drewnianych ko\u015bcio\u0142\u00f3w, Murowana Go\u015blina 2008]<br \/>\n<img loading=\"lazy\" class=\"alignnone size-medium wp-image-294\" src=\"http:\/\/serwer1745067.home.pl\/autoinstalator\/wordpress\/wp-content\/uploads\/2017\/11\/podroz-do-0002-222x300.jpg\" alt=\"\" width=\"222\" height=\"300\" srcset=\"https:\/\/jacekkowalski.pl\/wp-content\/uploads\/2017\/11\/podroz-do-0002-222x300.jpg 222w, https:\/\/jacekkowalski.pl\/wp-content\/uploads\/2017\/11\/podroz-do-0002.jpg 250w\" sizes=\"(max-width: 222px) 100vw, 222px\" \/><\/p>\n<h4>2008<\/h4>\n<p><strong><em>Niezb\u0119dnik konfederata barskiego. Awantury, kuranty, pie\u015bni konfederackie i za\u015bciankowe<\/em> [ksi\u0105\u017cka i p\u0142yta CD],<\/strong><br \/>\nPozna\u0144 2008<br \/>\n<img loading=\"lazy\" class=\"alignnone size-medium wp-image-270\" src=\"http:\/\/serwer1745067.home.pl\/autoinstalator\/wordpress\/wp-content\/uploads\/2017\/11\/niezbednik-konfederata-184x300.jpg\" alt=\"\" width=\"184\" height=\"300\" srcset=\"https:\/\/jacekkowalski.pl\/wp-content\/uploads\/2017\/11\/niezbednik-konfederata-184x300.jpg 184w, https:\/\/jacekkowalski.pl\/wp-content\/uploads\/2017\/11\/niezbednik-konfederata.jpg 232w\" sizes=\"(max-width: 184px) 100vw, 184px\" \/><\/p>\n<h4>2006<\/h4>\n<p><strong><em>Niezb\u0119dnik Sarmaty poprzedzony Obron\u0105 i U\u015bwietnieniem Sarmacji Obojej. Pie\u015bni, dumy, polonezy<\/em> [ksi\u0105\u017cka i p\u0142yta CD],<\/strong><br \/>\nPozna\u0144 2006<br \/>\n<img loading=\"lazy\" class=\"alignnone size-medium wp-image-272\" src=\"http:\/\/serwer1745067.home.pl\/autoinstalator\/wordpress\/wp-content\/uploads\/2017\/11\/niezbednik-saraty-181x300.jpg\" alt=\"\" width=\"181\" height=\"300\" srcset=\"https:\/\/jacekkowalski.pl\/wp-content\/uploads\/2017\/11\/niezbednik-saraty-181x300.jpg 181w, https:\/\/jacekkowalski.pl\/wp-content\/uploads\/2017\/11\/niezbednik-saraty.jpg 300w\" sizes=\"(max-width: 181px) 100vw, 181px\" \/><\/p>\n<h4>2002<\/h4>\n<p><strong><em>O czym \u015bpiewaj\u0105 niebiosa czyli \u015bredniowiecze jak \u015bwie\u017ce bu\u0142eczki<\/em>,<\/strong><br \/>\nKrak\u00f3w\u00a02002<br \/>\n<img loading=\"lazy\" class=\"alignnone size-medium wp-image-275\" src=\"http:\/\/serwer1745067.home.pl\/autoinstalator\/wordpress\/wp-content\/uploads\/2017\/11\/o-czym-spiewaja-197x300.jpg\" alt=\"\" width=\"197\" height=\"300\" srcset=\"https:\/\/jacekkowalski.pl\/wp-content\/uploads\/2017\/11\/o-czym-spiewaja-197x300.jpg 197w, https:\/\/jacekkowalski.pl\/wp-content\/uploads\/2017\/11\/o-czym-spiewaja.jpg 210w\" sizes=\"(max-width: 197px) 100vw, 197px\" \/><\/p>\n","protected":false},"excerpt":{"rendered":"<p>ksi\u0105\u017cki naukowe autorskie 2016 Zapomniana trylogia 1863. Traugutt \u2013 Grottger \u2013 Olszak, Pozna\u0144 2016 2014 Meble Kowalskich. Ludzie i rzeczy, Pozna\u0144-D\u0119bog\u00f3ra 2014 2010 Gotyk wielkopolski. Architektura sakralna XIII-XVI wieku, Pozna\u0144 2010 2007 Kolegiata k\u00f3rnicka. Od prywatnej \u015bwi\u0105tyni do romantycznego sejmu Rzeczypospolitej. Monografia artystyczna, K\u00f3rnik 2007 2001 Rymowane zamki. Tematy architektoniczne w literaturze starofrancuskiej drugiej po\u0142owy &hellip; <\/p>\n<p class=\"link-more\"><a href=\"https:\/\/jacekkowalski.pl\/?page_id=146\" class=\"more-link\">Czytaj dalej<span class=\"screen-reader-text\"> ksi\u0105\u017cki naukowe i popularnonaukowe<\/span><\/a><\/p>\n","protected":false},"author":1,"featured_media":0,"parent":136,"menu_order":2,"comment_status":"closed","ping_status":"closed","template":"","meta":{"ngg_post_thumbnail":0},"_links":{"self":[{"href":"https:\/\/jacekkowalski.pl\/index.php?rest_route=\/wp\/v2\/pages\/146"}],"collection":[{"href":"https:\/\/jacekkowalski.pl\/index.php?rest_route=\/wp\/v2\/pages"}],"about":[{"href":"https:\/\/jacekkowalski.pl\/index.php?rest_route=\/wp\/v2\/types\/page"}],"author":[{"embeddable":true,"href":"https:\/\/jacekkowalski.pl\/index.php?rest_route=\/wp\/v2\/users\/1"}],"replies":[{"embeddable":true,"href":"https:\/\/jacekkowalski.pl\/index.php?rest_route=%2Fwp%2Fv2%2Fcomments&post=146"}],"version-history":[{"count":10,"href":"https:\/\/jacekkowalski.pl\/index.php?rest_route=\/wp\/v2\/pages\/146\/revisions"}],"predecessor-version":[{"id":401,"href":"https:\/\/jacekkowalski.pl\/index.php?rest_route=\/wp\/v2\/pages\/146\/revisions\/401"}],"up":[{"embeddable":true,"href":"https:\/\/jacekkowalski.pl\/index.php?rest_route=\/wp\/v2\/pages\/136"}],"wp:attachment":[{"href":"https:\/\/jacekkowalski.pl\/index.php?rest_route=%2Fwp%2Fv2%2Fmedia&parent=146"}],"curies":[{"name":"wp","href":"https:\/\/api.w.org\/{rel}","templated":true}]}}