{"id":1550,"date":"2022-06-05T15:09:48","date_gmt":"2022-06-05T14:09:48","guid":{"rendered":"http:\/\/jacekkowalski.pl\/?page_id=1550"},"modified":"2026-02-15T18:31:06","modified_gmt":"2026-02-15T17:31:06","slug":"publikacje-kowalskiego","status":"publish","type":"page","link":"https:\/\/jacekkowalski.pl\/?page_id=1550","title":{"rendered":"publikacje Kowalskiego"},"content":{"rendered":"\n<h4>uwaga: poni\u017cszy spis zasadniczo nie obejmuje <br>artyku\u0142\u00f3w publicystycznych i popularnonaukowych<\/h4>\n\n\n\n<p><\/p>\n\n\n\n<h4 id=\"block-87412e02-c2f2-4c19-ba91-07e3f9abeb90\"><strong><u>2025<\/u><\/strong><br><br><strong>KSI\u0104\u017bKI<\/strong> <strong>REDAGOWANE<\/strong><\/h4>\n\n\n\n<figure class=\"wp-block-image size-large\"><img loading=\"lazy\" width=\"1024\" height=\"757\" src=\"https:\/\/jacekkowalski.pl\/wp-content\/uploads\/2026\/01\/image-1-1024x757.png\" alt=\"\" class=\"wp-image-3121\" srcset=\"https:\/\/jacekkowalski.pl\/wp-content\/uploads\/2026\/01\/image-1-1024x757.png 1024w, https:\/\/jacekkowalski.pl\/wp-content\/uploads\/2026\/01\/image-1-300x222.png 300w, https:\/\/jacekkowalski.pl\/wp-content\/uploads\/2026\/01\/image-1-768x568.png 768w, https:\/\/jacekkowalski.pl\/wp-content\/uploads\/2026\/01\/image-1.png 1227w\" sizes=\"(max-width: 767px) 89vw, (max-width: 1000px) 54vw, (max-width: 1071px) 543px, 580px\" \/><\/figure>\n\n\n\n<figure class=\"wp-block-image size-large\"><img loading=\"lazy\" width=\"942\" height=\"717\" src=\"https:\/\/jacekkowalski.pl\/wp-content\/uploads\/2026\/02\/image-2.png\" alt=\"\" class=\"wp-image-3152\" srcset=\"https:\/\/jacekkowalski.pl\/wp-content\/uploads\/2026\/02\/image-2.png 942w, https:\/\/jacekkowalski.pl\/wp-content\/uploads\/2026\/02\/image-2-300x228.png 300w, https:\/\/jacekkowalski.pl\/wp-content\/uploads\/2026\/02\/image-2-768x585.png 768w\" sizes=\"(max-width: 767px) 89vw, (max-width: 1000px) 54vw, (max-width: 1071px) 543px, 580px\" \/><\/figure>\n\n\n\n<p><strong>Karol Firganek, <em>Pami\u0119tnik powsta\u0144ca 1863<\/em><\/strong>, red. Jacek Kowalski, opr. Iga Jewiarz, Jacek Kowalski, Jan Kulpi\u0144ski, PAN Biblioteka K\u00f3rnicka, K\u00f3rnik 2025, ISBN 978-83-85213-80-2<\/p>\n\n\n\n<figure class=\"wp-block-image size-large is-resized\"><img loading=\"lazy\" src=\"https:\/\/jacekkowalski.pl\/wp-content\/uploads\/2025\/12\/image-1-1024x694.png\" alt=\"\" class=\"wp-image-3094\" width=\"832\" height=\"563\" srcset=\"https:\/\/jacekkowalski.pl\/wp-content\/uploads\/2025\/12\/image-1-1024x694.png 1024w, https:\/\/jacekkowalski.pl\/wp-content\/uploads\/2025\/12\/image-1-300x203.png 300w, https:\/\/jacekkowalski.pl\/wp-content\/uploads\/2025\/12\/image-1-768x521.png 768w, https:\/\/jacekkowalski.pl\/wp-content\/uploads\/2025\/12\/image-1-1536x1042.png 1536w, https:\/\/jacekkowalski.pl\/wp-content\/uploads\/2025\/12\/image-1-2048x1389.png 2048w\" sizes=\"(max-width: 767px) 89vw, (max-width: 1000px) 54vw, (max-width: 1071px) 543px, 580px\" \/><\/figure>\n\n\n\n<p><em><strong>Klasztor i kolegiata. Studia z historii sztuki i literatury \u015bredniowiecznej. \/ Couvent, monast\u00e8re, coll\u00e9giale. \u00c9tudes sur l\u2019histoire et la litt\u00e9rature m\u00e9di\u00e9vales<\/strong><\/em>, zebra\u0142 \/ recueillies par Jacek Kowalski, Wydawnictwo Pozna\u0144skiego Towarzystwa Przyjaci\u00f3\u0142 Nauk, Pozna\u0144 2025, 457 s., ISBN 978-83-7654-561-5, eISBN 978-83-7654-565-3, ISSN 0079-466X, DOI 10.56091\/Klasz.Kol.25.<\/p>\n\n\n\n<h4 id=\"block-87412e02-c2f2-4c19-ba91-07e3f9abeb90\"><strong>ARTYKU\u0141Y NAUKOWE<\/strong><\/h4>\n\n\n\n<figure class=\"wp-block-image size-large is-resized\"><img loading=\"lazy\" src=\"https:\/\/jacekkowalski.pl\/wp-content\/uploads\/2026\/01\/image-3-1024x784.png\" alt=\"\" class=\"wp-image-3124\" width=\"615\" height=\"471\" srcset=\"https:\/\/jacekkowalski.pl\/wp-content\/uploads\/2026\/01\/image-3-1024x784.png 1024w, https:\/\/jacekkowalski.pl\/wp-content\/uploads\/2026\/01\/image-3-300x230.png 300w, https:\/\/jacekkowalski.pl\/wp-content\/uploads\/2026\/01\/image-3-768x588.png 768w, https:\/\/jacekkowalski.pl\/wp-content\/uploads\/2026\/01\/image-3.png 1154w\" sizes=\"(max-width: 615px) 100vw, 615px\" \/><\/figure>\n\n\n\n<p><strong>Jacek Kowalski, <em>Karol Firganek i legenda obrony dworu w Glanowie<\/em><\/strong>, w: Karol Firganek, Pami\u0119tnik powsta\u0144ca 1863, red. Jacek Kowalski, opr. Iga Jewiarz, Jacek Kowalski, Jan Kulpi\u0144ski, PAN Biblioteka K\u00f3rnicka, Pozna\u0144 2025, s. 33-58<\/p>\n\n\n\n<figure class=\"wp-block-image size-large is-resized\"><img loading=\"lazy\" src=\"https:\/\/jacekkowalski.pl\/wp-content\/uploads\/2025\/12\/image-654x1024.png\" alt=\"\" class=\"wp-image-3093\" width=\"299\" height=\"468\" srcset=\"https:\/\/jacekkowalski.pl\/wp-content\/uploads\/2025\/12\/image-654x1024.png 654w, https:\/\/jacekkowalski.pl\/wp-content\/uploads\/2025\/12\/image-192x300.png 192w, https:\/\/jacekkowalski.pl\/wp-content\/uploads\/2025\/12\/image-768x1202.png 768w, https:\/\/jacekkowalski.pl\/wp-content\/uploads\/2025\/12\/image.png 865w\" sizes=\"(max-width: 299px) 100vw, 299px\" \/><\/figure>\n\n\n\n<p><a href=\"https:\/\/www.academia.edu\/145396270\/Le_type_architectural_et_la_gloire_du_lignage_Les_coll%C3%A9giales_gothiques_de_la_Grande_Pologne_w_Klasztor_i_kolegiata_Studia_z_historii_sztuki_i_literatury_%C5%9Bredniowiecznej_Couvent_monast%C3%A8re_coll%C3%A9giale_%C3%89tudes_ed_J_Kowalski_Pozna%C5%84_2025_s_215_239\">Jacek Kowalski, <em><strong>Le type architectural et la gloire du lignage. Les coll\u00e9giales gothiques de la Grande-Pologne. \/ Typ architektoniczy a chwa\u0142a rodu. Gotyckie kolegiaty wielkopolskie<\/strong><\/em>, w: <em>Klasztor i kolegiata. Studia z historii sztuki i literatury \u015bredniowiecznej. \/ Couvent, monast\u00e8re, coll\u00e9giale. \u00c9tudes sur l\u2019histoire et la litt\u00e9rature m\u00e9di\u00e9vales<\/em>, zebra\u0142 \/ recueillies par Jacek Kowalski, Wydawnictwo Pozna\u0144skiego Towarzystwa Przyjaci\u00f3\u0142 Nauk, Pozna\u0144 2025, ISBN 978-83-7654-561-5, eISBN 978-83-7654-565-3, ISSN 0079-466X, DOI 10.56091\/Klasz.Kol.25, s. 215-239.<\/a><\/p>\n\n\n\n<p><strong><a href=\"https:\/\/www.academia.edu\/145396270\/Le_type_architectural_et_la_gloire_du_lignage_Les_coll%C3%A9giales_gothiques_de_la_Grande_Pologne_w_Klasztor_i_kolegiata_Studia_z_historii_sztuki_i_literatury_%C5%9Bredniowiecznej_Couvent_monast%C3%A8re_coll%C3%A9giale_%C3%89tudes_ed_J_Kowalski_Pozna%C5%84_2025_s_215_239\">artyku\u0142 dost\u0119pny w internecie: TU<\/a><\/strong><\/p>\n\n\n\n<figure class=\"wp-block-image size-large is-resized\"><img loading=\"lazy\" src=\"https:\/\/jacekkowalski.pl\/wp-content\/uploads\/2025\/08\/image.png\" alt=\"\" class=\"wp-image-2968\" width=\"299\" height=\"426\" srcset=\"https:\/\/jacekkowalski.pl\/wp-content\/uploads\/2025\/08\/image.png 376w, https:\/\/jacekkowalski.pl\/wp-content\/uploads\/2025\/08\/image-210x300.png 210w\" sizes=\"(max-width: 299px) 100vw, 299px\" \/><\/figure>\n\n\n\n<p><em><strong>Kosy Obywatelskie, czyli Wandea i powstanie ko\u015bciuszkowskie<\/strong><\/em>, <br>w: <em>Polski etos romantyczny<\/em>, red. Lidia Banowska, Wies\u0142aw Ratajczak, <br>Bia\u0142y Kruk, Krak\u00f3w 2025, s. 101-139, ISBN 978-83-7553-440-5<\/p>\n\n\n\n<p><strong>TOMIK POETYCKI Z P\u0141YT\u0104 CD<\/strong><\/p>\n\n\n\n<figure class=\"wp-block-image size-large\"><img loading=\"lazy\" width=\"1024\" height=\"740\" src=\"https:\/\/jacekkowalski.pl\/wp-content\/uploads\/2026\/01\/image-1024x740.png\" alt=\"\" class=\"wp-image-3117\" srcset=\"https:\/\/jacekkowalski.pl\/wp-content\/uploads\/2026\/01\/image-1024x740.png 1024w, https:\/\/jacekkowalski.pl\/wp-content\/uploads\/2026\/01\/image-300x217.png 300w, https:\/\/jacekkowalski.pl\/wp-content\/uploads\/2026\/01\/image-768x555.png 768w, https:\/\/jacekkowalski.pl\/wp-content\/uploads\/2026\/01\/image-1536x1110.png 1536w, https:\/\/jacekkowalski.pl\/wp-content\/uploads\/2026\/01\/image.png 2046w\" sizes=\"(max-width: 767px) 89vw, (max-width: 1000px) 54vw, (max-width: 1071px) 543px, 580px\" \/><\/figure>\n\n\n\n<figure class=\"wp-block-image size-large\"><img loading=\"lazy\" width=\"1024\" height=\"512\" src=\"https:\/\/jacekkowalski.pl\/wp-content\/uploads\/2025\/11\/image-1-1024x512.png\" alt=\"\" class=\"wp-image-3082\" srcset=\"https:\/\/jacekkowalski.pl\/wp-content\/uploads\/2025\/11\/image-1-1024x512.png 1024w, https:\/\/jacekkowalski.pl\/wp-content\/uploads\/2025\/11\/image-1-300x150.png 300w, https:\/\/jacekkowalski.pl\/wp-content\/uploads\/2025\/11\/image-1-768x384.png 768w, https:\/\/jacekkowalski.pl\/wp-content\/uploads\/2025\/11\/image-1.png 1464w\" sizes=\"(max-width: 767px) 89vw, (max-width: 1000px) 54vw, (max-width: 1071px) 543px, 580px\" \/><\/figure>\n\n\n\n<p><strong>Jacek Kowalski i Klub \u015awi\u0119tego Ludwika <br><\/strong><em><strong>O Boles\u0142awie Chrobrym Pie\u015b\u0144 Srebrnoz\u0142ota<\/strong><\/em><br><strong>Wydawnictwo D\u0119bog\u00f3ra D\u0119bog\u00f3ra 2025<\/strong><br>gra Klub \u015awi\u0119tego Ludwika w sk\u0142adzie:<br>Jacek Kowalski: teksty i melodie, gitara podr\u00f3\u017cna, lira \u015bredniowieczna<br>Tomasz Dobrza\u0144ski: opracowanie muzyczne, flety pod\u0142u\u017cne, dou\u00e7aine, sza\u0142amaja, citola<br>Agnieszka Obst-Chwa\u0142a: fidel, rebek<br>Jan Kiernicki: lutnie<br>Jacek Muzio\u0142: instrumenty perkusyjne<br><br><strong><u>2024<\/u><\/strong><br><br><strong>KSI\u0104\u017bKI<\/strong><br><\/p>\n\n\n\n<figure class=\"wp-block-image is-resized\"><img loading=\"lazy\" src=\"https:\/\/jacekkowalski.pl\/wp-content\/uploads\/2019\/07\/NAGRODA-FENIKS.jpg\" alt=\"\" width=\"530\" height=\"373\"\/><figcaption><strong><strong><em><a href=\"https:\/\/debogora.com\/product-pol-2958-Piesn-o-Rolandzie-CD.html\"><em><strong>Pie\u015b\u0144 o Rolandzie <\/strong><\/em>| <em>przek\u0142ad \u015bpiewany Jacka Kowalskiego<\/em><\/a><br><strong>otrzyma\u0142a FENIKSA<\/strong><\/em><\/strong><\/strong><br><strong><strong><em><strong>NAGROD\u0118 STOWARZYSZENIA WYDAWC\u00d3W KATOLICKICH 2025<\/strong><\/em><\/strong><\/strong><\/figcaption><\/figure>\n\n\n\n<figure class=\"wp-block-image size-large is-resized\"><img loading=\"lazy\" src=\"https:\/\/jacekkowalski.pl\/wp-content\/uploads\/2025\/10\/image-3.png\" alt=\"\" class=\"wp-image-3063\" width=\"531\" height=\"527\" srcset=\"https:\/\/jacekkowalski.pl\/wp-content\/uploads\/2025\/10\/image-3.png 678w, https:\/\/jacekkowalski.pl\/wp-content\/uploads\/2025\/10\/image-3-300x298.png 300w, https:\/\/jacekkowalski.pl\/wp-content\/uploads\/2025\/10\/image-3-150x150.png 150w, https:\/\/jacekkowalski.pl\/wp-content\/uploads\/2025\/10\/image-3-100x100.png 100w\" sizes=\"(max-width: 531px) 100vw, 531px\" \/><figcaption><a href=\"https:\/\/debogora.com\/product-pol-2958-Piesn-o-Rolandzie-CD.html\"><em><strong>Pie\u015b\u0144 o Rolandzie <\/strong><\/em>| <em>przek\u0142ad \u015bpiewany Jacka Kowalskiego<\/em><\/a><span style=\"text-decoration: underline;\"><br><\/span><strong>otrzyma\u0142a nagrod\u0119 \u00abLITERATURY NA \u015aWIECIE\u00bb<br>w kategorii \u00abPoezja\u00bb za rok 2024<\/strong><\/figcaption><\/figure>\n\n\n\n<p><\/p>\n\n\n\n<figure class=\"wp-block-image size-large is-resized\"><img loading=\"lazy\" src=\"https:\/\/jacekkowalski.pl\/wp-content\/uploads\/2025\/01\/image-895x1024.png\" alt=\"\" class=\"wp-image-2810\" width=\"440\" height=\"503\" srcset=\"https:\/\/jacekkowalski.pl\/wp-content\/uploads\/2025\/01\/image-895x1024.png 895w, https:\/\/jacekkowalski.pl\/wp-content\/uploads\/2025\/01\/image-262x300.png 262w, https:\/\/jacekkowalski.pl\/wp-content\/uploads\/2025\/01\/image-768x878.png 768w, https:\/\/jacekkowalski.pl\/wp-content\/uploads\/2025\/01\/image.png 1066w\" sizes=\"(max-width: 440px) 100vw, 440px\" \/><\/figure>\n\n\n\n<figure class=\"wp-block-image size-large is-resized\"><img loading=\"lazy\" src=\"https:\/\/jacekkowalski.pl\/wp-content\/uploads\/2025\/01\/image-2-708x1024.png\" alt=\"\" class=\"wp-image-2818\" width=\"440\" height=\"635\" srcset=\"https:\/\/jacekkowalski.pl\/wp-content\/uploads\/2025\/01\/image-2-708x1024.png 708w, https:\/\/jacekkowalski.pl\/wp-content\/uploads\/2025\/01\/image-2-208x300.png 208w, https:\/\/jacekkowalski.pl\/wp-content\/uploads\/2025\/01\/image-2-768x1110.png 768w, https:\/\/jacekkowalski.pl\/wp-content\/uploads\/2025\/01\/image-2.png 846w\" sizes=\"(max-width: 440px) 100vw, 440px\" \/><\/figure>\n\n\n\n<figure class=\"wp-block-image size-large\"><img loading=\"lazy\" width=\"1024\" height=\"509\" src=\"https:\/\/jacekkowalski.pl\/wp-content\/uploads\/2025\/11\/image-1024x509.png\" alt=\"\" class=\"wp-image-3080\" srcset=\"https:\/\/jacekkowalski.pl\/wp-content\/uploads\/2025\/11\/image-1024x509.png 1024w, https:\/\/jacekkowalski.pl\/wp-content\/uploads\/2025\/11\/image-300x149.png 300w, https:\/\/jacekkowalski.pl\/wp-content\/uploads\/2025\/11\/image-768x382.png 768w, https:\/\/jacekkowalski.pl\/wp-content\/uploads\/2025\/11\/image.png 1253w\" sizes=\"(max-width: 767px) 89vw, (max-width: 1000px) 54vw, (max-width: 1071px) 543px, 580px\" \/><\/figure>\n\n\n\n<p><em><strong>Pie\u015b\u0144 o Rolandzie. Przek\u0142ad \u015bpiewany. Z orygina\u0142u starofrancuskiego prze\u0142o\u017cy\u0142 i wst\u0119pem poprzedzi\u0142 Jacek Kowalski<\/strong><\/em> <br><em>La Chanson de Roland. Introduction, notes, traduction polonaise en vers et conception musicale de l\u2019interpr\u00e9tation : Jacek Kowalski<\/em>, Wydawnictwo D\u0119bog\u00f3ra, D\u0119bog\u00f3ra 2024 [ksi\u0105\u017cka i p\u0142yta CD], <br>ISBN 978-83-67316-74-3,&nbsp;505 stron<br><br><strong><a href=\"https:\/\/www.academia.edu\/143818219\/PIE%C5%9A%C5%83_O_ROLANDZIE\">FRAGMENTY DO WGL\u0104DU &#8211; TU LINK<\/a><\/strong><br><br><strong><a href=\"https:\/\/debogora.com\/product-pol-2958-Piesn-o-Rolandzie-CD.html\">DO NABYCIA DROG\u0104 KUPNA W WYDAWNICTWIE D\u0118BOG\u00d3RA: TU LINK<\/a><\/strong><br><br><strong>ARTYKU\u0141Y NAUKOWE<\/strong><\/p>\n\n\n\n<figure class=\"wp-block-image size-large is-resized\"><a href=\"https:\/\/www.academia.edu\/143818178\/Jacek_Kowalski_Wespazjana_Kochowskiego_Arx_felicitatis_O_frontispisie_Niepr%C3%B3%C5%BCnuj%C4%85cego_pr%C3%B3%C5%BCnowania\"><img loading=\"lazy\" src=\"https:\/\/jacekkowalski.pl\/wp-content\/uploads\/2025\/09\/image-678x1024.png\" alt=\"\" class=\"wp-image-2978\" width=\"317\" height=\"478\" srcset=\"https:\/\/jacekkowalski.pl\/wp-content\/uploads\/2025\/09\/image-678x1024.png 678w, https:\/\/jacekkowalski.pl\/wp-content\/uploads\/2025\/09\/image-199x300.png 199w, https:\/\/jacekkowalski.pl\/wp-content\/uploads\/2025\/09\/image-768x1159.png 768w, https:\/\/jacekkowalski.pl\/wp-content\/uploads\/2025\/09\/image.png 924w\" sizes=\"(max-width: 317px) 100vw, 317px\" \/><\/a><\/figure>\n\n\n\n<p><strong>Wespazjana Kochowskiego <em>Arx felicitatis. <\/em>O frontispisie <em>Niepr\u00f3\u017cnuj\u0105cego pr\u00f3\u017cnowania<\/em><\/strong>, <a href=\"https:\/\/www.academia.edu\/143818178\/Jacek_Kowalski_Wespazjana_Kochowskiego_Arx_felicitatis_O_frontispisie_Niepr%C3%B3%C5%BCnuj%C4%85cego_pr%C3%B3%C5%BCnowania\">w: <em>Pisanie i czytanie architektury<\/em>, red. Agata Stankowska, Katarzyna Szewczyk-Haake, &#8222;Literatura i sztuka&#8221; t. 7, Wydawnictwo Pozna\u0144skiego Towarzystwa Przyjaci\u00f3\u0142 Nauk, Pozna\u0144 2024, s. 99-120, ISBN 978-83-7654-556-1, eISBN 978-83-7654-560-8<\/a><\/p>\n\n\n\n<p><strong><a href=\"https:\/\/www.academia.edu\/143818178\/Jacek_Kowalski_Wespazjana_Kochowskiego_Arx_felicitatis_O_frontispisie_Niepr%C3%B3%C5%BCnuj%C4%85cego_pr%C3%B3%C5%BCnowania\">artyku\u0142 dost\u0119pny w internecie &#8211; TU<\/a><\/strong><\/p>\n\n\n\n<h4 id=\"block-052bb3f8-6666-45fe-890d-7ab0611d19a0\"><strong><u>2023<\/u><\/strong><br><br><strong>ARTYKU\u0141Y NAUKOWE<\/strong><\/h4>\n\n\n\n<p><strong><em>Ars sarmatica, czyli Sarmacja a sztuka. Zarys problemu<\/em><\/strong>, \u201eLitteraria Copernicana\u201d (45) 2023: <em>Sarmatyzm: rewizje i kontynuacje<\/em>, s. 47-72, ISSNp 1899-315X, DOI: http:\/\/dx.doi.org\/10.12775\/LC.2023.003| artyku\u0142 dost\u0119pny w internecie <strong><span style=\"text-decoration: underline;\"><a href=\"https:\/\/www.academia.edu\/102466165\/Ars_sarmatica_czyli_Sarmacja_a_sztuka_Zarys_problemu\">TU<\/a><\/span><\/strong><\/p>\n\n\n\n<figure class=\"wp-block-image size-large is-resized\"><a href=\"https:\/\/www.academia.edu\/102466165\/Ars_sarmatica_czyli_Sarmacja_a_sztuka_Zarys_problemu\"><img loading=\"lazy\" src=\"https:\/\/jacekkowalski.pl\/wp-content\/uploads\/2023\/12\/image-1.png\" alt=\"\" class=\"wp-image-2570\" width=\"273\" height=\"342\" srcset=\"https:\/\/jacekkowalski.pl\/wp-content\/uploads\/2023\/12\/image-1.png 725w, https:\/\/jacekkowalski.pl\/wp-content\/uploads\/2023\/12\/image-1-239x300.png 239w\" sizes=\"(max-width: 273px) 100vw, 273px\" \/><\/a><\/figure>\n\n\n\n<p><em><strong>Husarz skrzydlaty. Przyczynek do \u201esarmackiej\u201d ikonografii XIX wieku<\/strong><\/em>, w: <em>Pi\u0119kna przenikliwo\u015b\u0107. Ksi\u0119ga jubileuszowa ofiarowana Profesor El\u017cbiecie Nowickiej<\/em>, pod redakcj\u0105 Aliny Borkowskiej-Rychlewskiej i Katarzyny Lisieckiej, s. 255-283, Wydawnictwo \u201ePozna\u0144skie Studia Polonistyczne\u201d, Uniwersytet im. Adama Mickiewicza w Poznaniu 2023, | ISBN 978-83-67305-09-9 | ISSN 1427-9118<\/p>\n\n\n\n<figure class=\"wp-block-image size-large is-resized\"><img loading=\"lazy\" src=\"https:\/\/jacekkowalski.pl\/wp-content\/uploads\/2023\/12\/image.png\" alt=\"\" class=\"wp-image-2567\" width=\"269\" height=\"461\" srcset=\"https:\/\/jacekkowalski.pl\/wp-content\/uploads\/2023\/12\/image.png 487w, https:\/\/jacekkowalski.pl\/wp-content\/uploads\/2023\/12\/image-175x300.png 175w\" sizes=\"(max-width: 269px) 100vw, 269px\" \/><\/figure>\n\n\n\n<p><\/p>\n\n\n\n<p><em><strong>Ko\u015bci\u00f3\u0142 w Nowym Mie\u015bcie nad Wart\u0105 na tle gotyku wielkopolskiego<\/strong><\/em>, w: <em>Trzy dekady bada\u0144 historii Nowego Miasta nad Wart\u0105: nowe odkrycia &#8211; nowe perspektywy badawcze. W 30. rocznic\u0119 rozpocz\u0119cia prac archeologicznych na nowomiejskim Kopcu<\/em>, red. Dariusz Andrzejczak, wyd. Stowarzyszenie Mi\u0142o\u015bnik\u00f3w Ziemi Nowomiejskiej, Nowe Miasto nad Wart\u0105 2023, s. 113-136&nbsp; |  ISBN 978-83-968744-0-5<\/p>\n\n\n\n<p><strong>ARTYKU\u0141Y POPULARNONAUKOWE<\/strong><\/p>\n\n\n\n<p><a href=\"https:\/\/www.academia.edu\/112969609\/Architektura_gotyku_na_ziemiach_polskich_Architektura_Wielkopolski\"><strong><em>Architektura gotyku na ziemiach polskich. Architektura Wielkopolski<\/em><\/strong>, w: <em>Oblicza Gotyku<\/em>, red. Marzena Szmyt, Rezerwat Archeologiczny Genius loci, Pozna\u0144 2023, s. 63-73 | artyku\u0142 dost\u0119pny w internecie <strong><span style=\"text-decoration: underline;\">TU<\/span><\/strong><\/a><\/p>\n\n\n\n<p><\/p>\n\n\n\n<p><strong><u>2022<\/u><\/strong><br><br><strong>KSI\u0104\u017bKI<\/strong><\/p>\n\n\n\n<h4><\/h4>\n\n\n\n<figure class=\"wp-block-image size-large\"><img loading=\"lazy\" width=\"888\" height=\"717\" src=\"https:\/\/jacekkowalski.pl\/wp-content\/uploads\/2023\/01\/image.png\" alt=\"\" class=\"wp-image-2200\" srcset=\"https:\/\/jacekkowalski.pl\/wp-content\/uploads\/2023\/01\/image.png 888w, https:\/\/jacekkowalski.pl\/wp-content\/uploads\/2023\/01\/image-300x242.png 300w, https:\/\/jacekkowalski.pl\/wp-content\/uploads\/2023\/01\/image-768x620.png 768w\" sizes=\"(max-width: 767px) 89vw, (max-width: 1000px) 54vw, (max-width: 1071px) 543px, 580px\" \/><\/figure>\n\n\n\n<h4><em>Powiem o mi\u0142o\u015bci mej. Colin Muset. Poeta i pie\u015bni. Napisa\u0142, prze\u0142o\u017cy\u0142, melodie przysposobi\u0142 i za\u015bpiewa\u0142 Jacek Kowalski<\/em><strong> [ksi\u0105\u017cka i p\u0142yta CD <\/strong><em>Kr\u00f3l i b\u0142azen<\/em><strong>], Wydawnictwo D\u0119bog\u00f3ra, Pozna\u0144 2022 &nbsp;<\/strong><\/h4>\n\n\n\n<p><a href=\"https:\/\/www.academia.edu\/143818201\/POWIEM_O_MI%C5%81O%C5%9ACI_MEJ_Colin_Muset_Poeta_i_pie%C5%9Bni_Napisa%C5%82_prze%C5%82o%C5%BCy%C5%82_melodie_przysposobi%C5%82_i_za%C5%9Bpiewa%C5%82_Jacek_Kowalski_JE_CONTERAI_MON_AMOUR_Colin_Muset_Le_po%C3%A8te_et_les_chansons_L_introduction_les_traductions_polonaises_et_la_conception_musicale_de_leurs_interpr%C3%A9tations_Jacek_Kowalski_\"><strong>FRAGMENTY DO WGL\u0104DU &#8211; TU LINK<\/strong><\/a><\/p>\n\n\n\n<figure class=\"wp-block-image size-large\"><img loading=\"lazy\" width=\"720\" height=\"983\" src=\"https:\/\/jacekkowalski.pl\/wp-content\/uploads\/2023\/01\/NOTKA-NA-OKLADCE.jpg\" alt=\"\" class=\"wp-image-2204\" srcset=\"https:\/\/jacekkowalski.pl\/wp-content\/uploads\/2023\/01\/NOTKA-NA-OKLADCE.jpg 720w, https:\/\/jacekkowalski.pl\/wp-content\/uploads\/2023\/01\/NOTKA-NA-OKLADCE-220x300.jpg 220w\" sizes=\"(max-width: 720px) 100vw, 720px\" \/><\/figure>\n\n\n\n<h4><strong>KSI\u0104\u017bKI REDAGOWANE<\/strong><\/h4>\n\n\n\n<h4><em>Katedra pozna\u0144ska. Studia o sztuce,<\/em><strong> red. Jacek Kowalski, Witold Miedziak, Wydawnictwo Pozna\u0144skiego Towarzystwa Przyjaci\u00f3\u0142 Nauk, Pozna\u0144 2022; ISBN 978-83-7654-499-1; ISBN 987-83-7768-286-9<\/strong><\/h4>\n\n\n\n<figure class=\"wp-block-image size-large is-resized\"><img src=\"https:\/\/jacekkowalski.pl\/wp-content\/uploads\/2022\/06\/1_katedra.jpg\" alt=\"\" class=\"wp-image-1551\" width=\"492\" srcset=\"https:\/\/jacekkowalski.pl\/wp-content\/uploads\/2022\/06\/1_katedra.jpg 470w, https:\/\/jacekkowalski.pl\/wp-content\/uploads\/2022\/06\/1_katedra-211x300.jpg 211w\" sizes=\"(max-width: 470px) 100vw, 470px\" \/><\/figure>\n\n\n\n<figure class=\"wp-block-image size-large is-resized\"><img loading=\"lazy\" src=\"https:\/\/jacekkowalski.pl\/wp-content\/uploads\/2022\/06\/image-4-703x1024.png\" alt=\"\" class=\"wp-image-1683\" width=\"489\" height=\"711\" srcset=\"https:\/\/jacekkowalski.pl\/wp-content\/uploads\/2022\/06\/image-4-703x1024.png 703w, https:\/\/jacekkowalski.pl\/wp-content\/uploads\/2022\/06\/image-4-206x300.png 206w, https:\/\/jacekkowalski.pl\/wp-content\/uploads\/2022\/06\/image-4-768x1119.png 768w, https:\/\/jacekkowalski.pl\/wp-content\/uploads\/2022\/06\/image-4.png 847w\" sizes=\"(max-width: 489px) 100vw, 489px\" \/><\/figure>\n\n\n\n<figure class=\"wp-block-image size-large\"><img loading=\"lazy\" width=\"496\" height=\"402\" src=\"https:\/\/jacekkowalski.pl\/wp-content\/uploads\/2022\/06\/image-3.png\" alt=\"\" class=\"wp-image-1681\" srcset=\"https:\/\/jacekkowalski.pl\/wp-content\/uploads\/2022\/06\/image-3.png 496w, https:\/\/jacekkowalski.pl\/wp-content\/uploads\/2022\/06\/image-3-300x243.png 300w\" sizes=\"(max-width: 496px) 100vw, 496px\" \/><\/figure>\n\n\n\n<p><strong>ROZDZIA\u0141Y W MONOGRAFII<\/strong><\/p>\n\n\n\n<p><a href=\"https:\/\/www.academia.edu\/114017195\/Jacek_Kowalski_KATEDRY_POZNA%C5%83SKIEJ_DZIEJE_I_SZTUKA\"><strong><em>Katedry pozna\u0144skiej dzieje i sztuka<\/em><\/strong>, w: <em>Katedra pozna\u0144ska. Studia o sztuce<\/em> [patrz wy\u017cej], s. 19-117 | rozdzia\u0142 dost\u0119pny w internecie <span style=\"text-decoration: underline;\">TU<\/span><\/a> <\/p>\n\n\n\n<p><strong><em>Trzy Hostie i ulica \u017bydowska. Topografia, sztuka, dzieje<\/em><\/strong>, w: <em>Osada \u015bwi\u0119tego Gotarda. Historia i dziedzictwo<\/em>, red. Andrzej Billert, Wydawnictwo Miejskie Posnania, Pozna\u0144 2022, s. 123-145; ISBN 978-83-7768-309-5<\/p>\n\n\n\n<p><strong><em>Matka Boska zamiast kr\u00f3la. Jeszcze o niezwyk\u0142ej chor\u0105gwi konfederat\u00f3w barskich<\/em><\/strong>, <br>w: <em>W Wielkopolsce i nie tylko. Materia\u0142y z konferencji \u201eZa wiar\u0119 i wolno\u015b\u0107\u201d w 250. rocznic\u0119 konfederacji barskiej<\/em>, Biblioteka Literacka \u201ePozna\u0144skich Studi\u00f3w Polonistycznych\u201d, tom 91, Pozna\u0144 2022, s. 167-195 | artyku\u0142 dost\u0119pny w internecie <strong><a rel=\"noreferrer noopener\" href=\"https:\/\/www.academia.edu\/90184083\/Matka_Boska_zamiast_kr%C3%B3la_Jeszcze_o_niezwyk%C5%82ej_chor%C4%85gwi_konfederat%C3%B3w_barskich_w_W_Wielkopolsce_i_nie_tylko_Materia%C5%82y_z_konferencji_Za_wiar%C4%99_i_wolno%C5%9B%C4%87_w_250_rocznic%C4%99_konfederacji_barskiej_Biblioteka_Literacka_Pozna%C5%84skich_Studi%C3%B3w_Polonistycznych_tom_91_Pozna%C5%84_2022_s_167_195\" data-type=\"URL\" data-id=\"https:\/\/www.academia.edu\/90184083\/Matka_Boska_zamiast_kr%C3%B3la_Jeszcze_o_niezwyk%C5%82ej_chor%C4%85gwi_konfederat%C3%B3w_barskich_w_W_Wielkopolsce_i_nie_tylko_Materia%C5%82y_z_konferencji_Za_wiar%C4%99_i_wolno%C5%9B%C4%87_w_250_rocznic%C4%99_konfederacji_barskiej_Biblioteka_Literacka_Pozna%C5%84skich_Studi%C3%B3w_Polonistycznych_tom_91_Pozna%C5%84_2022_s_167_195\" target=\"_blank\">TU<\/a><\/strong><br><\/p>\n\n\n\n<p><strong>ARTYKU\u0141Y<\/strong><\/p>\n\n\n\n<p>\u00ab<strong><em>Effigies magnorum virorum in Republica\u00bb. O ikonografii obrazu \u00abHo\u0142d car\u00f3w Szujskich<strong><em>\u00bb<\/em><\/strong><\/em><\/strong> <strong><em>z zamku w Podhorcach<\/em><\/strong>, \u201eTechne. Seria Nowa\u201d, Nr 9 (2022)  | artyku\u0142 dost\u0119pny w internecie <strong><span style=\"text-decoration: underline;\"><a href=\"https:\/\/czasopisma.uni.lodz.pl\/tech\/article\/view\/15698\/15207\">TU<\/a><\/span><\/strong><\/p>\n\n\n\n<p><strong><em>\u00abPan polski w dawnym ubiorze\u00bb. Norblin jako interpretator sarmackiego portretu<\/em>,<\/strong> w: <em><strong>\u00ab<\/strong>Super fundamenta<strong>\u00bb<\/strong>. Ksi\u0119ga jubileuszowa dedykowana Profesorowi Szcz\u0119snemu Skibi\u0144skiemu<\/em>, red. Jaros\u0142aw Jarzewicz, Tomasz Ratajczak, Adam So\u0107ko, Tadeusz J. \u017buchowski, Wydawnictwo Naukowe Uniwersytetu im. Adama Mickiewicza, Pozna\u0144 2022, s. 513-532 <\/p>\n\n\n\n<p><br><strong><u>2021<\/u><\/strong>&nbsp;<\/p>\n\n\n\n<h4><strong>KSI\u0104\u017bKI<\/strong>&nbsp;<\/h4>\n\n\n\n<h4><em>Kr\u00f3l \u2013 poeta \u2013 rycerz Bo\u017cy: Tybald, hrabia Szampanii. \u017bywot, epoka, pie\u015bni. Napisa\u0142, prze\u0142o\u017cy\u0142, melodie przysposobi\u0142 i za\u015bpiewa\u0142 Jacek Kowalski. Rozdzia\u0142 o muzycznej interpretacji pie\u015bni truwer\u00f3w napisa\u0142 i nuty opracowa\u0142 Tomasz Dobrza\u0144ski, <\/em><strong>Wydawnictwo D\u0119bog\u00f3ra, Pozna\u0144 2021 &nbsp;[331 stron, rozdzia\u0142 TD s. 135-148]<\/strong><\/h4>\n\n\n\n<p><strong><a href=\"https:\/\/www.academia.edu\/143818602\/Jacek_Kowalski_KR%C3%93L_POETA_RYCERZ_BO%C5%BBY_Tybald_hrabia_Szampanii_%C5%BBywot_epoka_pie%C5%9Bni_Jacek_Kowalski_ROI_PO%C3%88TE_CHEVALIER_DE_DIEU_Thibaut_comte_de_Champagne_Sa_vie_son_%C3%A9poque_ses_chansons_\">FRAGMENTY DO WGL\u0104DU &#8211; TU LINK<\/a><\/strong><\/p>\n\n\n\n<figure class=\"wp-block-image is-resized\"><img loading=\"lazy\" src=\"https:\/\/debogora.com\/pol_pl_Krol-Poeta-Rycerz-Bozy-Tybald-hrabia-Szampanii-1652_2.jpg\" alt=\"\" width=\"502\" height=\"631\"\/><\/figure>\n\n\n\n<p>do\u0142\u0105czona do powy\u017cszej ksi\u0105\u017cki p\u0142yta CD:<\/p>\n\n\n\n<figure class=\"wp-block-image is-resized\"><img loading=\"lazy\" src=\"https:\/\/debogora.com\/pol_pl_Krol-Poeta-Rycerz-Bozy-Tybald-hrabia-Szampanii-1652_3.png\" alt=\"\" width=\"458\" height=\"446\"\/><\/figure>\n\n\n\n<h4><strong>ARTYKU\u0141Y NAUKOWE<\/strong><\/h4>\n\n\n\n<h4><strong>&nbsp;<em>Korona i kolczuga. O ikonograficznej innowacji czas\u00f3w Jana Kazimierza<\/em><\/strong>, w: <em>Mira\u017ce natury i architektury<\/em>. <em>Prace naukowe dedykowane profesorowi Tadeuszowi Bernatowiczowi<\/em>, <strong>red. Alina Barczyk, Piotr Gryglewski, \u0141\u00f3d\u017a 2021, s. 361-371, Wydawnictwo Uniwersytetu \u0141\u00f3dzkiego, Narodowy Instytut Polskiego Dziedzictwa Kulturowego<\/strong> | <strong><a href=\"https:\/\/www.academia.edu\/64119981\/Korona_i_kolczuga\">artyku\u0142 dost\u0119pny w internecie TU<\/a><\/strong><\/h4>\n\n\n\n<h4><strong><u>2020<\/u><\/strong><\/h4>\n\n\n\n<p><strong>KSI\u0104\u017bKI<\/strong><\/p>\n\n\n\n<p><strong><em>Niezb\u0119dnik Szuana. Wandea i Bretania w katolickim powstaniu. Pie\u015bni i dzieje<\/em><\/strong>, Wydawnictwo D\u0119bog\u00f3ra, Pozna\u0144 2020 &nbsp;[s. 380; ksi\u0105\u017cka i p\u0142yta CD]<\/p>\n\n\n\n<figure class=\"wp-block-image\"><img src=\"https:\/\/debogora.com\/pol_pl_Niezbednik-Szuana-828_2.png\" alt=\"\"\/><\/figure>\n\n\n\n<p>do powy\u017cszej ksi\u0105\u017cki za\u0142\u0105czony \u015bpiewniczek i p\u0142yta :<\/p>\n\n\n\n<figure class=\"wp-block-image\"><img src=\"https:\/\/debogora.com\/pol_pl_Niezbednik-Szuana-828_6.jpg\" alt=\"\"\/><\/figure>\n\n\n\n<p><strong><em>De Templo. Chrze\u015bcija\u0144sko-narodowa \u015bwi\u0105tynia jezuicka<\/em><\/strong>, Wydawnictwo D\u0119bog\u00f3ra, Pozna\u0144 2020 [s. 210]<\/p>\n\n\n\n<p><strong>KSI\u0104\u017bKI REDAGOWANE<\/strong><\/p>\n\n\n\n<p><strong><em>Gender. Projekt nowego cz\u0142owieka? Zbi\u00f3r studi\u00f3w pod redakcj\u0105 Bogny Bia\u0142eckiej, Jacka Kowalskiego i Witolda Miedziaka<\/em><\/strong>, Wydawnictwo Pozna\u0144skiego Towarzystwa Przyjaci\u00f3\u0142 Nauk, Fundacja \u015awi\u0119tego Benedykta, Pozna\u0144 2020<\/p>\n\n\n\n<p><\/p>\n\n\n\n<figure class=\"wp-block-image\"><img src=\"https:\/\/debogora.com\/pol_pm_Gender-projekt-nowego-czlowieka-672_1.png\" alt=\"Gender - projekt nowego cz\u0142owieka\"\/><\/figure>\n\n\n\n<figure class=\"wp-block-image size-large\"><img loading=\"lazy\" width=\"379\" height=\"793\" src=\"https:\/\/jacekkowalski.pl\/wp-content\/uploads\/2022\/06\/spis-tresci.jpg\" alt=\"\" class=\"wp-image-1671\" srcset=\"https:\/\/jacekkowalski.pl\/wp-content\/uploads\/2022\/06\/spis-tresci.jpg 379w, https:\/\/jacekkowalski.pl\/wp-content\/uploads\/2022\/06\/spis-tresci-143x300.jpg 143w\" sizes=\"(max-width: 379px) 100vw, 379px\" \/><\/figure>\n\n\n\n<figure class=\"wp-block-image size-large is-resized\"><img loading=\"lazy\" src=\"https:\/\/jacekkowalski.pl\/wp-content\/uploads\/2022\/06\/image-1.png\" alt=\"\" class=\"wp-image-1677\" width=\"440\" height=\"341\" srcset=\"https:\/\/jacekkowalski.pl\/wp-content\/uploads\/2022\/06\/image-1.png 781w, https:\/\/jacekkowalski.pl\/wp-content\/uploads\/2022\/06\/image-1-300x232.png 300w, https:\/\/jacekkowalski.pl\/wp-content\/uploads\/2022\/06\/image-1-768x595.png 768w\" sizes=\"(max-width: 440px) 100vw, 440px\" \/><\/figure>\n\n\n\n<p><strong><em>In principio. Mit pocz\u0105tku w kulturze \u015bredniowiecznej Europy. Tom dedykowany pami\u0119ci prof. Jacka Wiesio\u0142owskiego. Materia\u0142y XXXVII Seminarium Mediewistycznego im. Alicji Kar\u0142owskiej-Kamzowej pod redakcj\u0105 Jacka Kowalskiego i Witolda Miedziaka<\/em><\/strong>, Wydawnictwo Pozna\u0144skiego Towarzystwa Przyjaci\u00f3\u0142 Nauk, Wydawnictwo Miejskie Posnania, Pozna\u0144 2020<\/p>\n\n\n\n<figure class=\"wp-block-image is-resized\"><img loading=\"lazy\" src=\"https:\/\/wydawnictwo.ptpn.poznan.pl\/wp-content\/uploads\/2021\/01\/InPrincipio_okladka_front-1-scaled.jpg\" alt=\"\" width=\"338\" height=\"477\"\/><\/figure>\n\n\n\n<figure class=\"wp-block-image size-large is-resized\"><img loading=\"lazy\" src=\"https:\/\/jacekkowalski.pl\/wp-content\/uploads\/2022\/06\/image-2.png\" alt=\"\" class=\"wp-image-1679\" width=\"336\" height=\"459\" srcset=\"https:\/\/jacekkowalski.pl\/wp-content\/uploads\/2022\/06\/image-2.png 588w, https:\/\/jacekkowalski.pl\/wp-content\/uploads\/2022\/06\/image-2-219x300.png 219w\" sizes=\"(max-width: 336px) 100vw, 336px\" \/><\/figure>\n\n\n\n<p><strong>ARTYKU\u0141Y<\/strong><\/p>\n\n\n\n<p><strong><em>Naukowy mit mitu podboju: \u201enar\u00f3d szlachecki\u201d a nar\u00f3d polski<\/em><\/strong>, w: <em>In principio. Mit pocz\u0105tku w kulturze \u015bredniowiecznej Europy. Tom dedykowany pami\u0119ci prof. Jacka Wiesio\u0142owskiego. Materia\u0142y XXXVII Seminarium Mediewistycznego im. Alicji Kar\u0142owskiej-Kamzowej pod redakcj\u0105 Jacka Kowalskiego i Witolda Miedziaka<\/em>, Wydawnictwo Pozna\u0144skiego Towarzystwa Przyjaci\u00f3\u0142 Nauk, Wydawnictwo Miejskie Posnania, Pozna\u0144 2020, s. 239-252 | <a href=\"https:\/\/www.academia.edu\/69493116\/Jacek_Kowalski_Naukowy_mit_mitu_podboju\">dost\u0119pny w internecie TU<\/a><\/p>\n\n\n\n<p><strong><em>Od heretyckiego mauzoleum do katolickiego sanktuarium. Nowe badania kaplicy Matki&nbsp;Bo\u017cej przy kolegiacie k\u00f3rnickiej<\/em><\/strong>, \u201eTechne. Seria Nowa\u201d, Nr 5 (2020), s.&nbsp;133-160 | <a href=\"https:\/\/dspace.uni.lodz.pl\/bitstream\/handle\/11089\/41075\/133-160_Kowalski.pdf?sequence=1&amp;isAllowed=y\">artyku\u0142 dost\u0119pny w internecie TU<\/a><\/p>\n\n\n\n<p><strong>ESEJ<\/strong><\/p>\n\n\n\n<p><strong><em>Idiom sarmacki czyli szanse i mielizny staropolsko\u015bci w trzynastu punktach<\/em><\/strong>, w: <em>Wizerunek Polski w \u015bwiecie. Idee i dzia\u0142ania<\/em>, red. \u0141ukasz Dryblak, Biuro Bezpiecze\u0144stwa Narodowego, Warszawa 2020, s. 109-113<\/p>\n\n\n\n<p><strong>TW\u00d3RCZO\u015a\u0106 W\u0141ASNA<\/strong><\/p>\n\n\n\n<p>\u2013 nagrania:<\/p>\n\n\n\n<p><strong>Jacek Kowalski (teksty, melodie, \u015bpiew), <em>Rzeczpospolita Niebieska. Piosenki Jacka Kowalskiego <\/em><\/strong>[CD], Wydawnictwo D\u0119bog\u00f3ra, Pozna\u0144 2020<\/p>\n\n\n\n<figure class=\"wp-block-image is-resized\"><img loading=\"lazy\" src=\"https:\/\/debogora.com\/pol_pl_Rzeczpospolita-Niebieska-Piosenki-Jacka-Kowalskiego-584_1.png\" alt=\"\" width=\"372\" height=\"372\"\/><\/figure>\n\n\n\n<h4><strong>&nbsp;<\/strong><\/h4>\n\n\n\n<h4><strong><u>2019<\/u><\/strong><\/h4>\n\n\n\n<p><strong>KSI\u0104\u017bKI<\/strong><\/p>\n\n\n\n<p><strong><em>Missa est. Msza \u015awi\u0119ta pan\u00f3w Pask\u00f3w<\/em><\/strong>, Wydawnictwo D\u0119bog\u00f3ra, Pozna\u0144 2019 | <a href=\"https:\/\/www.academia.edu\/42294878\/Jacek_Kowalski_Miktostudium_czy_Sarmaci_naprawd%C4%99_dobywali_szabel_podczas_Mszy_%C5%9Bwi%C4%99tej\">rozdzia\u0142 <em>Miktostudium: czy Sarmaci naprawd\u0119 dobywali szabel podczas Mszy \u015bwi\u0119tej?<\/em> dost\u0119pny w internecie TU<\/a><\/p>\n\n\n\n<div class=\"wp-block-image\"><figure class=\"alignleft size-large is-resized\"><img src=\"https:\/\/jacekkowalski.pl\/wp-content\/uploads\/2022\/06\/5_missa_est.jpg\" alt=\"\" class=\"wp-image-1555\" width=\"492\" srcset=\"https:\/\/jacekkowalski.pl\/wp-content\/uploads\/2022\/06\/5_missa_est.jpg 632w, https:\/\/jacekkowalski.pl\/wp-content\/uploads\/2022\/06\/5_missa_est-300x300.jpg 300w, https:\/\/jacekkowalski.pl\/wp-content\/uploads\/2022\/06\/5_missa_est-150x150.jpg 150w, https:\/\/jacekkowalski.pl\/wp-content\/uploads\/2022\/06\/5_missa_est-100x100.jpg 100w\" sizes=\"(max-width: 632px) 100vw, 632px\" \/><\/figure><\/div>\n\n\n\n<p><\/p>\n\n\n\n<p><\/p>\n\n\n\n<p><\/p>\n\n\n\n<p><\/p>\n\n\n\n<p><\/p>\n\n\n\n<p><\/p>\n\n\n\n<p><\/p>\n\n\n\n<p><strong><em>\u015aredniowiecze. Obalanie mit\u00f3w. Podr\u0119cznik bojowy<\/em><\/strong>, Wydawnictwo Zona Zero, Warszawa 2019 | <a href=\"https:\/\/www.academia.edu\/42291649\/_o_ko%C5%9Bciele_%C5%9Bw_Anny_w_Wilnie_fragment_ksi%C4%85%C5%BCki_Obalanie_mit%C3%B3w_\">rozdzia\u0142 o ko\u015bciele \u015bw. Anny w Wilnie TU<\/a><\/p>\n\n\n\n<figure class=\"wp-block-image\"><img src=\"https:\/\/debogora.com\/pol_pl_Sredniowiecze-Obalanie-mitow-535_2.jpg\" alt=\"\"\/><\/figure>\n\n\n\n<p><strong>ARTYKU\u0141Y<\/strong><\/p>\n\n\n\n<p><strong><em>Chor\u0105gwie, tron i suffragia. Elekcja Stanis\u0142awa Augusta Poniatowskiego Bernarda Bellotta mi\u0119dzy polityczn\u0105 fikcj\u0105 a historyczn\u0105 rzeczywisto\u015bci\u0105<\/em><\/strong>, \u201eStudia Muzealne\u201d 24 (2019), s. 22-57 | <a href=\"https:\/\/www.academia.edu\/42217306\/Jacek_Kowalski_Chor%C4%85gwie_tron_i_suffragia_Elekcja_Stanis%C5%82awa_Augusta_Poniatowskiego_Bernarda_Bellotta_mi%C4%99dzy_polityczn%C4%85_fikcj%C4%85_a_historyczn%C4%85_rzeczywisto%C5%9Bci%C4%85\">artyku\u0142 dost\u0119pny w internecie TU<\/a><\/p>\n\n\n\n<p><strong><em>Czarnkowska fara jako nekropolia za\u0142o\u017cyciela miasta czyli p\u0142yta nagrobna protoplast\u00f3w rodu Czarnkowskich<\/em><\/strong>, w: <em>Fara od \u015bredniowiecza do wsp\u00f3\u0142czesno\u015bci. Spo\u0142eczno\u015b\u0107-Duchowo\u015b\u0107-Architektura-Wystr\u00f3j<\/em>, red.Rafa\u0142 Eysymontt, Dariusz Galewski, wyd. Stowarzyszenie Historyk\u00f3w Sztuki Oddzia\u0142 Wroc\u0142awski, Instytut Historii Sztuki Uniwersytetu Wroc\u0142awskiego, Wydzia\u0142 Nauk Historycznych i Pedagogicznych Uniwersytetu Wroc\u0142awskiego, Wroc\u0142aw 2019, s. 177-187 | <a href=\"https:\/\/www.academia.edu\/42217424\/Jacek_Kowalski_Czarnkowska_fara_jako_nekropolia_za%C5%82o%C5%BCyciela_miasta_czyli_p%C5%82yta_nagrobna_protoplast%C3%B3w_rodu_Czarnkowskich\">artyku\u0142 dost\u0119pny w internecie TU<\/a> <\/p>\n\n\n\n<p><strong>TW\u00d3RCZO\u015a\u0106 W\u0141ASNA<\/strong><\/p>\n\n\n\n<p>\u2013 nagrania:<\/p>\n\n\n\n<p><strong>Jacek Kowalski (teksty, melodie, \u015bpiew), Anita Bittner (aran\u017cacje, kierownictwo muzyczne), zesp\u00f3\u0142 Monogramista JK, schola Ecce adsum,<em> Jasny B\u00f3g. Kol\u0119dy Jacka Kowalskiego z Szopki Dominika\u0144skiej <\/em><\/strong>[CD], Wydawnictwo D\u0119bog\u00f3ra, &nbsp;Pozna\u0144 2019<\/p>\n\n\n\n<p><\/p>\n\n\n\n<figure class=\"wp-block-image is-resized\"><img loading=\"lazy\" src=\"https:\/\/debogora.com\/pol_pl_Jasny-Bog-Koledy-Jacka-Kowalskiego-z-Szopki-Dominikanskiej-491_1.png\" alt=\"\" width=\"438\" height=\"434\"\/><\/figure>\n\n\n\n<p><strong><u>2018<\/u><\/strong><\/p>\n\n\n\n<p><strong>KSIA\u017bKI<\/strong><\/p>\n\n\n\n<p><strong><em>Straszny Dw\u00f3r czyli sarmackie korzenie Niepodleg\u0142ej<\/em><\/strong>, Pa\u0144stwowy Instytut Wydawniczy, Warszawa 2018<\/p>\n\n\n\n<figure class=\"wp-block-image\"><img src=\"https:\/\/debogora.com\/pol_pl_Straszny-Dwor-czyli-sarmackie-korzenie-Niepodleglej-362_2.jpg\" alt=\"\"\/><\/figure>\n\n\n\n<p><strong>KSI\u0104\u017bKI WSP\u00d3\u0141AUTORSKIE<\/strong><\/p>\n\n\n\n<p>Anna Drzewicka, Jacek Kowalski, Anna Loba, <strong><em>R\u00e9publique Sarmate. Anthologie de l\u2019ancienne po\u00e9sie polonaise. Rzeczpospolita Sarmacka. Antologia poezji staropolskiej<\/em><\/strong>, Wydawnictwo D\u0119bog\u00f3ra, Pozna\u0144 2018, Strony tekst\u00f3w autorstwa JK: 8-85; 94-97, 104-105; 112-113; 118-121; 126-129; 136-139; 144-147; 166-171; 194-199; 222-225; 240-243; 278-283; 292-295; 300-303; 318-323;371-391 | <a href=\"https:\/\/www.academia.edu\/44699365\/Jacek_Kowalski_Introduction_in_Anna_Drzewicka_Jacek_Kowalski_Anna_Loba_R%C3%A9publique_Sarmate_Anthologie_de_l_ancienne_po%C3%A9sie_polonaise_Rzeczpospolita_Sarmacka_Antologia_poezji_staropolskiej_Wydawnictwo_D%C4%99bog%C3%B3ra_Pozna%C5%84_2018_s_1_79_370_382_392_399\"><em>Wst\u0119p \/ Introduction <\/em>dost\u0119pne w internecie TU<\/a> <\/p>\n\n\n\n<figure class=\"wp-block-image\"><img src=\"https:\/\/debogora.com\/pol_pl_Rzeczpospolita-Sarmacka-Republique-Sarmate-152_17.jpg\" alt=\"\"\/><\/figure>\n\n\n\n<p><strong>KSI\u0104\u017bKA REDAGOWANA<\/strong><\/p>\n\n\n\n<p><strong><em>Narody \u2013 odkrycia \u2013 fantazje czyli \u015bredniowieczna kultura z innej strony<\/em><\/strong><strong>,<\/strong> red.: Jacek Kowalski, Witold Miedziak, Wydawnictwo Pozna\u0144skiego Towarzystwa Przyjaci\u00f3\u0142 Nauk, Pozna\u0144 2018<\/p>\n\n\n\n<p><strong>ARTYKU\u0141Y<\/strong><\/p>\n\n\n\n<p><strong><em>Po drugiej stronie lustra. Nieziemski o\u0142tarz w \u201eOble\u017ceniu Jasnej Gory Cz\u0119stochowskiej\u201d<\/em><\/strong>, \u201eTechne\u201d 2 (2018), s. 3-16 | <a href=\"https:\/\/www.academia.edu\/42217610\/Jacek_Kowalski_Po_drugiej_stronie_lustra_Nieziemski_o%C5%82tarz_w_Oble%C5%BCeniu_Jasnej_Gory_Cz%C4%99stochowskiej_\">artyku\u0142 dost\u0119pny w internecie TU<\/a><\/p>\n\n\n\n<p><strong>TW\u00d3RCZO\u015a\u0106 W\u0141ASNA<\/strong><\/p>\n\n\n\n<p>\u2013 nagranie:<\/p>\n\n\n\n<p><strong>Jacek Kowalski, Anita Bittner (aran\u017cacje, kierownictwo muzyczne), zesp\u00f3\u0142 Monogramista JK, <em>Powsta\u0144cze \u015bpiewy Pozna\u0144czyk\u00f3w <\/em><\/strong>[CD], Pozna\u0144 2018<\/p>\n\n\n\n<figure class=\"wp-block-image size-large is-resized\"><img src=\"https:\/\/jacekkowalski.pl\/wp-content\/uploads\/2022\/06\/9_powstancze-spiewy.jpg\" alt=\"\" class=\"wp-image-1559\" width=\"492\" srcset=\"https:\/\/jacekkowalski.pl\/wp-content\/uploads\/2022\/06\/9_powstancze-spiewy.jpg 925w, https:\/\/jacekkowalski.pl\/wp-content\/uploads\/2022\/06\/9_powstancze-spiewy-300x277.jpg 300w, https:\/\/jacekkowalski.pl\/wp-content\/uploads\/2022\/06\/9_powstancze-spiewy-768x710.jpg 768w\" sizes=\"(max-width: 767px) 89vw, (max-width: 1000px) 54vw, (max-width: 1071px) 543px, 580px\" \/><\/figure>\n\n\n\n<h4><strong><u>2017<\/u><\/strong><\/h4>\n\n\n\n<p><strong>ARTYKU\u0141Y<\/strong><\/p>\n\n\n\n<p><strong><em>Sejmiki polskie wed\u0142ug Jana Piotra Norblina<\/em><\/strong>, \u201ePami\u0119tnik Biblioteki K\u00f3rnickiej\u201d 34 (2017), s. 83-148 | <a href=\"https:\/\/www.academia.edu\/42217345\/Jacek_Kowalski_Sejmiki_polskie_wed%C5%82ug_Jana_Piotra_Norblina\">artyku\u0142 dost\u0119pny w internecie TU<\/a><\/p>\n\n\n\n<p><strong><em>La dame au laurier. Christine entre la Pologne catholique et la Commune de Paris<\/em><\/strong>, w: <em>Ton nom sera reluisant apres toy par longue memoire. \u00c9tudes sur Christine de Pizan<\/em>, red. Loba Anna, Wydawnictwo Naukowe UAM, Pozna\u0144 2017, s. 355-364<\/p>\n\n\n\n<p><strong>ARTYKU\u0141 DOTYCZ\u0104CY KANONU LEKTUR SZKOLNYCH<\/strong><\/p>\n\n\n\n<p><em><strong>Sarmacj\u0119 pi\u0119kn\u0105 racz nam wr\u00f3ci\u0107 Panie<\/strong><\/em>, \u201eW sieci\u201d 15-21.05.2017, s. 50-51 | <a href=\"https:\/\/www.academia.edu\/44134503\/Jacek_Kowalski_Sarmacj%C4%99_piekna_racz_nam_wr%C3%B3ci%C4%87_Panie_W_Sieci_nr_51_z_21_maja_2017_s_50_51\">artyku\u0142 dost\u0119pny w internecie TU<\/a><\/p>\n\n\n\n<h4><strong><u>2016<\/u><\/strong><\/h4>\n\n\n\n<p><strong>KSIA\u017bKI<\/strong><\/p>\n\n\n\n<p><em><strong>Sarmacja. Obalanie mit\u00f3w. Podr\u0119cznik bojowy<\/strong><\/em><strong>,<\/strong><br>Warszawa 2016 [uhonorowana Nagrod\u0105 literack\u0105 im. J\u00f3zefa A. Mackiewicza za rok 2017]<\/p>\n\n\n\n<figure class=\"wp-block-image\"><img src=\"https:\/\/debogora.com\/pol_pm_Sarmacja-Obalanie-mitow-591_2.jpg\" alt=\"Sarmacja. Obalanie mit\u00f3w\"\/><\/figure>\n\n\n\n<p><em><strong>Zapomniana trylogia 1863. Traugutt \u2013 Grottger \u2013 Olszak<\/strong><\/em><strong>, Wydawnictwo D\u0119bog\u00f3ra, <\/strong>Pozna\u0144 2016 | <a href=\"https:\/\/www.academia.edu\/42291326\/Jacek_Kowalski_Grottger_a_obrona_Glanowa\">rozdzia\u0142 <em>Grottger a obrona Glanowa<\/em> dost\u0119pny w internecie TU<\/a><\/p>\n\n\n\n<figure class=\"wp-block-image\"><img src=\"https:\/\/debogora.com\/pol_pm_Zapomniana-trylogia-1863-20_1.png\" alt=\"Zapomniana trylogia 1863\"\/><\/figure>\n\n\n\n<p><\/p>\n\n\n\n<p><strong>KSI\u0104\u017bKA REDAGOWANA<\/strong><\/p>\n\n\n\n<p><strong><em>Plaintes am\u00e8res: gerbe de myrrhe cueillie dans le Jardin de Geths\u00e9mani ou m\u00e9ditation douloureuse de l\u2019 am\u00e8re Passion du Fils de Dieu. Chef-d\u2019 oeuvre de l\u2019 ancienne po\u00e9sie polonaise, office de la Passion toujours vivant en Pologne par l\u2019 abb\u00e9 Wawrzyniec Benik, traduction d\u2019 Anna Drzewicka, <\/em><\/strong>[francuski przek\u0142ad <em>Gorzkich \u017cal\u00f3w<\/em>]<strong><em>, <\/em><\/strong>r\u00e9daction et conception Jacek Kowalski, Wydawnictwo D\u0119bog\u00f3ra, Pozna\u0144 2016.<\/p>\n\n\n\n<figure class=\"wp-block-image is-resized\"><img loading=\"lazy\" src=\"https:\/\/debogora.com\/pol_pl_Gorzkie-Zale-po-francusku-Plaintes-ameres-CD-124_1.png\" alt=\"Gorzkie \u017bale po francusku - Plaintes am\u00e8res + CD | ksi\u0119garnia D\u0119bog\u00f3ra\" width=\"268\" height=\"443\"\/><\/figure>\n\n\n\n<p><strong>ESEJ<\/strong><\/p>\n\n\n\n<p><strong><em>Rola chrze\u015bcija\u0144stwa w kulturze polskiej<\/em><\/strong>, w: ks. Pawe\u0142 Deskur, Tomasz Jasi\u0144ski, ks. bp Marek J\u0119draszewski, Jacek Kowalski, <em>Mesco dux Polonie baptizatur. Rada Spo\u0142eczna przy Arcybiskupie Metropolicie Pozna\u0144skim na 1050. rocznic\u0119 Chrztu Polski \/ Mesco dux Polonie baptizatur. Civil Council to support the archbishop metropolitan of Pozna\u0144 for the 1050th Anniversary of the Baptism of Poland<\/em>, przek\u0142ady angielskie tekst\u00f3w Rafa\u0142 Witkowski, Pozna\u0144 2016, s. 78 &#8211; 101<\/p>\n\n\n\n<h4><strong><u>2015<\/u><\/strong><\/h4>\n\n\n\n<p><strong>ARTYKU\u0141Y<\/strong><\/p>\n\n\n\n<p><em><strong>\u00abDomus civis agricolae\u00bb. K\u00f3rnickie gospodarstwo Micha\u0142owskich na przestrzeni trzech epok<\/strong><\/em><strong>,<\/strong> \u201ePami\u0119tnik Biblioteki K\u00f3rnickiej\u201d 32 (2015), s. 77-141 | <a href=\"https:\/\/www.academia.edu\/42217390\/Jacek_Kowalski_Domus_civis_agricolae_K%C3%B3rnickie_gospodarstwo_Micha%C5%82owskich_na_przestrzeni_trzech_epok\">artyku\u0142 dost\u0119pny w internecie TU<\/a><\/p>\n\n\n\n<p><strong>WYDAWNICTWO REDAGOWANE (broszura \u2013 materia\u0142y z konferencji)<\/strong><\/p>\n\n\n\n<p><strong><em>K\u00f3rnik. Urbanistyczne problemy zabytkowego miasta. Konferencja i dyskusja na zamku 22.02.2015<\/em><\/strong>, [red. Jacek Kowalski], Biblioteka K\u00f3rnicka PAN, K\u00f3rnik 2015<\/p>\n\n\n\n<h4><strong><u>2014<\/u><\/strong><\/h4>\n\n\n\n<p><strong>KSI\u0104\u017bKI<\/strong><\/p>\n\n\n\n<p><em><strong>Meble Kowalskich. Ludzie i rzeczy<\/strong><\/em><strong>, <\/strong>Pozna\u0144-D\u0119bog\u00f3ra 2014<\/p>\n\n\n\n<figure class=\"wp-block-image\"><img src=\"https:\/\/debogora.com\/pol_pl_Meble-Kowalskich-19_18.jpg\" alt=\"\"\/><\/figure>\n\n\n\n<p><strong><em>Gorzkie \u017cale i Kr\u00f3tkie Nabo\u017ce\u0144stwo do Naj\u015bwi\u0119tszego Sakramentu arcydzie\u0142o polskiej poezji mistycznej ks. Wawrzy\u0144ca S. Benika CM. Reprodukcja i edycja pierwodruku z 1707 roku ze zbior\u00f3w klasztoru si\u00f3str karmelitanek bosych na Weso\u0142ej w Krakowie<\/em><\/strong>, opracowa\u0142 [i wst\u0119pem poprzedzi\u0142] Jacek Kowalski, Pozna\u0144-D\u0119bog\u00f3ra 2014, ISBN 978-83-61374-47-3; str. 7-37: [wst\u0119p]; s. 39-74: [reprint]; s. 75-109: [edycja tekstu]<\/p>\n\n\n\n<p><\/p>\n\n\n\n<figure class=\"wp-block-image\"><img src=\"https:\/\/debogora.com\/pol_pm_Gorzkie-Zale-1707-91_2.png\" alt=\"Gorzkie \u017bale 1707\"\/><\/figure>\n\n\n\n<p><\/p>\n\n\n\n<p><strong>ROZDZIA\u0141 W KSI\u0104\u017bCE \/ MONOGRAFII NAUKOWEJ<\/strong><\/p>\n\n\n\n<p><em><strong>Gro\u00dfpolen<\/strong><\/em><strong>,<\/strong> w: <em>Mittelalterliche Architektur in Polen. Romanische und gotische Baukunst zwischen Oder und Weichsel<\/em>, Hg. Christofer Herrmann, Dethard von Winterfeld, Michael Imhof Verlag, Petersberg&nbsp;2015, t. I, s. 268-378 | <a href=\"https:\/\/www.academia.edu\/49975648\/Gro%C3%9Fpolen_in_Mittelalterliche_Architektur_in_Polen_Romanische_und_gotische_Baukunst_zwischen_Oder_und_Weichsel_Hg_Christofer_Herrmann_Dethard_von_Winterfeld_Michael_Imhof_Verlag_Petersberg_2015_t_I_s_268_378\">rozdzia\u0142 dost\u0119pny w ca\u0142o\u015bci w internecie TU<\/a> <\/p>\n\n\n\n<figure class=\"wp-block-image\"><img src=\"https:\/\/www.imhofverlag.de\/wp-content\/uploads\/2020\/09\/978-3-7319-0087-0_Band1.jpg\" alt=\"\"\/><\/figure>\n\n\n\n<p><strong>KSI\u0104\u017bKA REDAGOWANA<\/strong><\/p>\n\n\n\n<p><em><strong>Katedra, ratusz, dw\u00f3r. Wielkie miasta a w\u0142adza \u015bwiecka i ko\u015bcielna w kulturze \u015bredniowiecznej Europy<\/strong><\/em><strong>,<\/strong> red. J. Kowalski, T. Ratajczak, Pozna\u0144 2014<\/p>\n\n\n\n<p><strong>ARTYKU\u0141Y<\/strong><\/p>\n\n\n\n<p><em><strong>Powstanie styczniowe widziane z K\u00f3rnika<\/strong><\/em><strong>,<\/strong> \u201ePami\u0119tnik Biblioteki K\u00f3rnickiej\u201d 31 (2014), s. 65-92 | <a href=\"https:\/\/bazhum.muzhp.pl\/media\/files\/Pamietnik_Biblioteki_Kornickiej\/Pamietnik_Biblioteki_Kornickiej-r2014-t31\/Pamietnik_Biblioteki_Kornickiej-r2014-t31-s65-93\/Pamietnik_Biblioteki_Kornickiej-r2014-t31-s65-93.pdf\">artyku\u0142 dost\u0119pny w internecie TU<\/a><\/p>\n\n\n\n<p><em><strong>Obrona dworu w Glanowie<\/strong><\/em><strong>,<\/strong> \u201ePami\u0119tnik Biblioteki K\u00f3rnickiej\u201d 31 (2014), s. 23-41 | <a href=\"https:\/\/www.academia.edu\/42217520\/Jacek_Kowalski_Obrona_dworu_w_Glanowie\">dost\u0119pny w  internecie TU<\/a><\/p>\n\n\n\n<p><strong>Jacek Kowalski, Tomis\u0142aw Paciorek, <\/strong><em><strong>Nieznana relacja francuskiego oficera o bitwach pod Now\u0105 Wsi\u0105 i Brdowem<\/strong><\/em><strong> [JK: wst\u0119p, opracowanie tekstu, przek\u0142ad; TP: relacja kolekcjonera o pozyskaniu dokumentu] \u201e<\/strong>Pami\u0119tnik Biblioteki K\u00f3rnickiej\u201d 31 (2014), s. 103-132 | <a href=\"https:\/\/www.academia.edu\/42217546\/Jacek_Kowalski_Tomis%C5%82aw_Paciorek_Nieznana_relacja_francuskiego_oficera_o_bitwach_pod_Now%C4%85_Wsi%C4%85_i_Brdowem_Transkrypcja_orygina%C5%82u_i_przek%C5%82ad_JK_\">artyku\u0142 dost\u0119pny w internecie TU<\/a><\/p>\n\n\n\n<h4><strong><u>2013<\/u><\/strong><\/h4>\n\n\n\n<p><strong>KSI\u0104\u017bKA REDAGOWANA<\/strong><\/p>\n\n\n\n<p><em><strong>Mi\u0119dzy panem a plebanem. Wie\u015b, miasto, w\u0142adza \u015bwiecka i duchowna w kulturze \u015bredniowiecznej Europy<\/strong><\/em><strong>, [Materia\u0142y Seminari\u00f3w Mediewistycznych im. Alicji Kar\u0142owskiej\u2013Kamzowej za lata 2009-2011],<\/strong> red. J. Kowalski, T. Ratajczak, Pozna\u0144 2013<\/p>\n\n\n\n<p><strong>ARTYKU\u0141Y<\/strong><\/p>\n\n\n\n<p><em><strong>David, Horace et le hussard mystique: R\u00e9publique, Foi et \u00c9glise dans l\u2019h\u00e9ritage de la po\u00e9sie polonaise du XVIIe si\u00e8cle<\/strong><\/em><strong> (essai),<\/strong> red. Regina Bochenek-Franczakowa, \u201eStudia Litteraria Universitatis Iagellonicae Cracoviensis\u201d 7 (2012) [Krak\u00f3w 2013], z. 2, s. 99-107<\/p>\n\n\n\n<p><em><strong>Zr\u00f3bcie to po naszemu. Ko\u015bci\u00f3\u0142 w Dusznikach i architekt JS, czyli oryginalno\u015b\u0107 p\u00f3\u017anogotyckiej architektury wielkopolskiej<\/strong><\/em><strong>,<\/strong> w: <em>Mi\u0119dzy panem a plebanem. Wie\u015b, miasto, w\u0142adza \u015bwiecka i duchowna w kulturze \u015bredniowiecznej Europy<\/em>, red. J. Kowalski, T. Ratajczak, Pozna\u0144 2013<\/p>\n\n\n\n<p><em><strong>Architekt z ma\u0142ego miasta<\/strong><\/em><strong>,<\/strong> w: <em>Mi\u0119dzy panem a plebanem. Wie\u015b, miasto, w\u0142adza \u015bwiecka i duchowna w kulturze \u015bredniowiecznej Europy<\/em>, red. J. Kowalski, T. Ratajczak, Pozna\u0144 2013<\/p>\n\n\n\n<p><strong>TW\u00d3RCZO\u015a\u0106 W\u0141ASNA<br><br><\/strong><\/p>\n\n\n\n<p>&nbsp;\u2013 ksi\u0105\u017cka literacka<\/p>\n\n\n\n<p><em><strong>Misterium M\u0119ki Pa\u0144skiej w G\u00f3rze Kalwarii<\/strong><\/em><strong> [tekst misterium \u2013 JK; album fotografii \u2013 Pawe\u0142 Kula], <\/strong>Pozna\u0144 2013<\/p>\n\n\n\n<figure class=\"wp-block-image\"><img src=\"https:\/\/th.bing.com\/th\/id\/R.39a9be85a365ee3eca5e9b7a73f3f039?rik=rYjMLKS%2bE4j4sQ&amp;pid=ImgRaw&amp;r=0\" alt=\"Zobacz obraz \u017ar\u00f3d\u0142owy\"\/><\/figure>\n\n\n\n<p>\u2013 nagranie:<\/p>\n\n\n\n<p><strong>Jacek Kowalski (\u015bpiew), Henryk Kasperczak (aran\u017cacje, kierownictwo muzyczne), Anna \u015aliwa (skrzypce), <em>Id\u017amy! \u015apiewy powsta\u0144cze 1863 <\/em><\/strong>[CD], Pozna\u0144 2013<\/p>\n\n\n\n<figure class=\"wp-block-image size-large is-resized\"><img src=\"https:\/\/jacekkowalski.pl\/wp-content\/uploads\/2022\/06\/15_Idzmy-1024x933.jpg\" alt=\"\" class=\"wp-image-1565\" width=\"492\" srcset=\"https:\/\/jacekkowalski.pl\/wp-content\/uploads\/2022\/06\/15_Idzmy-1024x933.jpg 1024w, https:\/\/jacekkowalski.pl\/wp-content\/uploads\/2022\/06\/15_Idzmy-300x273.jpg 300w, https:\/\/jacekkowalski.pl\/wp-content\/uploads\/2022\/06\/15_Idzmy-768x699.jpg 768w, https:\/\/jacekkowalski.pl\/wp-content\/uploads\/2022\/06\/15_Idzmy.jpg 1345w\" sizes=\"(max-width: 767px) 89vw, (max-width: 1000px) 54vw, (max-width: 1071px) 543px, 580px\" \/><\/figure>\n\n\n\n<h4><strong><u>2012<\/u><\/strong><\/h4>\n\n\n\n<p><strong>TW\u00d3RCZO\u015a\u0106 W\u0141ASNA<br><br><\/strong><\/p>\n\n\n\n<p>\u2013 nagrania:<\/p>\n\n\n\n<p><strong>Jacek Kowalski, Henryk Kasperczak,<em> Dumy staropolskie <\/em><\/strong>[CD], Pozna\u0144 2012<\/p>\n\n\n\n<figure class=\"wp-block-image size-large is-resized\"><img src=\"https:\/\/jacekkowalski.pl\/wp-content\/uploads\/2022\/06\/16_Dumy-staropolskie.jpg\" alt=\"\" class=\"wp-image-1566\" width=\"492\" srcset=\"https:\/\/jacekkowalski.pl\/wp-content\/uploads\/2022\/06\/16_Dumy-staropolskie.jpg 502w, https:\/\/jacekkowalski.pl\/wp-content\/uploads\/2022\/06\/16_Dumy-staropolskie-300x269.jpg 300w\" sizes=\"(max-width: 502px) 100vw, 502px\" \/><\/figure>\n\n\n\n<p><strong>Jacek Kowalski, <em>Blokomachia. Piosenki z lat osiemdziesi\u0105tych<\/em><\/strong> [CD], \u017bnin 2012<\/p>\n\n\n\n<figure class=\"wp-block-image\"><img src=\"https:\/\/palukitv.pl\/images\/foto\/sklep\/500-blokomachia.jpg\" alt=\"\"\/><\/figure>\n\n\n\n<h4><strong><u>2011<\/u><\/strong><\/h4>\n\n\n\n<p><strong>KSIA\u017bKI<\/strong><\/p>\n\n\n\n<p><em><strong>Na szlaku ko\u015bcio\u0142\u00f3w drewnianych wok\u00f3\u0142 Puszczy Zielonka<\/strong><\/em><strong>, <\/strong>Pozna\u0144 2011 [reedycja w zmienionym kszta\u0142cie pozycji: <em>Podr\u00f3\u017c do dwunastu ko\u015bci\u00f3\u0142k\u00f3w drewnianych<\/em>, Murowana Go\u015blina 2008]<\/p>\n\n\n\n<figure class=\"wp-block-image is-resized\"><img loading=\"lazy\" src=\"https:\/\/bigimg.taniaksiazka.pl\/images\/popups\/849\/978836075848933.jpg\" alt=\"\" width=\"390\" height=\"583\"\/><\/figure>\n\n\n\n<p><em><strong>Wielka Encyklopedia Staropolska<\/strong><\/em><strong>, <\/strong>Pozna\u0144 2011<\/p>\n\n\n\n<figure class=\"wp-block-image is-resized\"><img loading=\"lazy\" src=\"https:\/\/s.lubimyczytac.pl\/upload\/books\/164000\/164530\/352x500.jpg\" alt=\"\" width=\"481\" height=\"563\"\/><\/figure>\n\n\n\n<p><strong>KSI\u0104\u017bKA REDAGOWANA<\/strong><\/p>\n\n\n\n<p><em><strong>Antyk, prawda i fa\u0142sz w \u015bredniowieczu<\/strong><\/em><strong>. Materia\u0142y Seminari\u00f3w Mediewistycznych im. Alicji Kar\u0142owskiej-Kamzowej,<\/strong> red. J. Kowalski, T. Ratajczak, Pozna\u0144 2011<\/p>\n\n\n\n<p><strong>ARTYKU\u0141Y<\/strong><\/p>\n\n\n\n<p><em><strong>Wy\u015bcig fundator\u00f3w. Z bada\u0144 nad architektur\u0105 XIV i XV wieku w Wielkopolsce<\/strong><\/em><strong>,<\/strong> w: <em>Polska i Europa w \u015bredniowieczu. Przemiany strukturalne. Podmioty i przedmioty w badaniach historycznych<\/em> [Materia\u0142y z III Kongresu Mediewist\u00f3w Polskich, \u0141\u00f3d\u017a, 22-24 wrze\u015bnia roku 2008], red. M.&nbsp;Adamczewski, Warszawa 2011, s. 187-196<\/p>\n\n\n\n<p><strong>TW\u00d3RCZO\u015a\u0106 W\u0141ASNA<br><br><\/strong><\/p>\n\n\n\n<p>\u2013 nagrania:<\/p>\n\n\n\n<p>Jacek Kowalski (\u015bpiew, teksty, melodie), Tomasz Dobrza\u0144ski (aran\u017cacje, kierownictwo muzyczne), zesp\u00f3\u0142 Klub \u015awi\u0119tego Ludwika,<em><strong> Patrz tam, gdzie Sarmacja<\/strong><\/em><strong> [CD live]<\/strong>, Krak\u00f3w 2011 [dodatek do \u201ePolonia Christiana\u201d]<\/p>\n\n\n\n<h4><strong><u>2010<\/u><\/strong><\/h4>\n\n\n\n<p><strong>KSIA\u017bKI<\/strong><\/p>\n\n\n\n<p><em><strong>Gotyk wielkopolski. Architektura sakralna XIII-XVI wieku<\/strong><\/em><strong>,<\/strong><br>Pozna\u0144 2010<\/p>\n\n\n\n<figure class=\"wp-block-image is-resized\"><img loading=\"lazy\" src=\"https:\/\/debogora.com\/pol_pl_Gotyk-wielkopolski-18_5.jpg\" alt=\"\" width=\"814\" height=\"542\"\/><\/figure>\n\n\n\n<p><strong>ARTYKU\u0141Y<\/strong><\/p>\n\n\n\n<p><em><strong>\u015awi\u0105tynia pami\u0119ci i honoru szlachetnych m\u0119\u017c\u00f3w<\/strong><\/em><strong>,<\/strong> w:<em> Motywy samotno\u015bci i wsp\u00f3lnoty w dawnych literaturach roma\u0144skich (\u015aredniowiecze-O\u015bwiecenie)<\/em>, red. D. Szeliga, E. D. \u017b\u00f3\u0142kiewska, Warszawa 2010, s. 219-229<\/p>\n\n\n\n<p><strong>ESEJE<\/strong><\/p>\n\n\n\n<p><em><strong>Owe brednie, banialuki. Sarmackie romansowanie w odmianach<\/strong><\/em><strong>,<\/strong> (w:) <em>Amor polonus czyli mi\u0142o\u015b\u0107 Polak\u00f3w, Muzeum Pa\u0142ac w Wilanowie<\/em>, marzec-sierpie\u0144 2010 [katalog wystawy], red. T. Grzybkowska, D. Walawender-Musz, Z. \u017bygulski jun., Warszawa 2010, t. II, s. 89-103<\/p>\n\n\n\n<p><em><strong>Potyczka w Popowie Anno 1769 na tle wojny konfederackiej w Wielkopolsce<\/strong><\/em><strong>,<\/strong> \u201eSierakowskie Zeszyty Historyczne\u201d 5 (2010), s. 7-34<\/p>\n\n\n\n<p><strong>PRZEK\u0141ADY<\/strong><\/p>\n\n\n\n<p><em><strong>Bernard de Ventadour, Quan vei la lauseta mover<\/strong><\/em><strong>,<\/strong> w: \u201eLitteraria Copernicana\u201d 2010 : 2 (6) (tom: <em>Kr\u00f3lestwo. \u015awiat warto\u015bci i antywarto\u015bci w dawnych literaturach roma\u0144skich<\/em>), s. 190-194<\/p>\n\n\n\n<p><strong>TW\u00d3RCZO\u015a\u0106 W\u0141ASNA<\/strong><\/p>\n\n\n\n<p>\u2013 publikacje ksi\u0105\u017ckowe<\/p>\n\n\n\n<p><em><strong>O rycerzu Persewalu i \u015bwi\u0119tym kielichu Graalu<\/strong><\/em><strong> [ba\u015b\u0144 muzyczna na motywach \u201eOpowie\u015bci o Graalu\u201d Krystiana z Troyes; ksi\u0105\u017cka z ilustracjami pi\u00f3ra autora z za\u0142\u0105czon\u0105 p\u0142yt\u0105 CD \u2013 reedycj\u0105 nagrania z 1993 roku], <\/strong>D\u0119bog\u00f3ra 2010<\/p>\n\n\n\n<figure class=\"wp-block-image is-resized\"><img loading=\"lazy\" src=\"https:\/\/debogora.com\/pol_pl_O-rycerzu-Persewalu-i-Swietym-Kielichu-Graalu-z-plyta-CD-489_3.jpg\" alt=\"\" width=\"835\" height=\"556\"\/><\/figure>\n\n\n\n<p><em><strong>Szopka dominika\u0144ska JK. Choix 1988-2006, <\/strong><\/em>Pozna\u0144 2007<\/p>\n\n\n\n<p><em><strong>Konfederacja Barska po Kowalsku i Historia o Gogolewskim<\/strong><\/em><strong> [= reedycja tomiku z przydaniem Historii o Gogolewskim \u2013 tragifarsy mow\u0105 wi\u0105zan\u0105 pisanej \u2013 oraz p\u0142yty CD z 1998 r.], <\/strong>Pozna\u0144 2008<\/p>\n\n\n\n<figure class=\"wp-block-image is-resized\"><img loading=\"lazy\" src=\"https:\/\/s.lubimyczytac.pl\/upload\/books\/102000\/102876\/352x500.jpg\" alt=\"\" width=\"251\" height=\"417\"\/><\/figure>\n\n\n\n<p>\u2013 publikacja w czasopi\u015bmie<\/p>\n\n\n\n<p><em><strong>La Queste del Saint Graal<\/strong><\/em><strong> [sztuka mowa wi\u0105zan\u0105],<\/strong> \u201eChristianitas\u201d 37\/38 (2008)<\/p>\n\n\n\n<p>\u2013 nagrania:<\/p>\n\n\n\n<p><strong>Jacek Kowalski (\u015bpiew), Anita Murawka (aran\u017cacje, kierownictwo muzyczne), zesp\u00f3\u0142 Monogramista JK, <em>Kol\u0119dowanie staropolskie<\/em> <\/strong>[CD], bd. [Pozna\u0144 2010]<\/p>\n\n\n\n<figure class=\"wp-block-image size-large is-resized\"><img src=\"https:\/\/jacekkowalski.pl\/wp-content\/uploads\/2022\/06\/23_Koledowanie-Staropolskie.jpg\" alt=\"\" class=\"wp-image-1575\" width=\"492\" srcset=\"https:\/\/jacekkowalski.pl\/wp-content\/uploads\/2022\/06\/23_Koledowanie-Staropolskie.jpg 450w, https:\/\/jacekkowalski.pl\/wp-content\/uploads\/2022\/06\/23_Koledowanie-Staropolskie-300x256.jpg 300w\" sizes=\"(max-width: 450px) 100vw, 450px\" \/><\/figure>\n\n\n\n<p><em>Jacek Kowalski (\u015bpiew, teksty, melodie), Tomasz Dobrza\u0144ski (aran\u017cacje, kierownictwo muzyczne), zesp\u00f3\u0142 Klub \u015awi\u0119tego Ludwika, <\/em><strong><em>Historie dominika\u0144skie <\/em><\/strong><strong>[CD], Krak\u00f3w 2010<\/strong><\/p>\n\n\n\n<figure class=\"wp-block-image size-large is-resized\"><img src=\"https:\/\/jacekkowalski.pl\/wp-content\/uploads\/2022\/06\/24_Histrie-Dominikan\u0301skie.jpg\" alt=\"\" class=\"wp-image-1576\" width=\"492\" srcset=\"https:\/\/jacekkowalski.pl\/wp-content\/uploads\/2022\/06\/24_Histrie-Dominikan\u0301skie.jpg 450w, https:\/\/jacekkowalski.pl\/wp-content\/uploads\/2022\/06\/24_Histrie-Dominikan\u0301skie-300x255.jpg 300w\" sizes=\"(max-width: 450px) 100vw, 450px\" \/><\/figure>\n\n\n\n<p><em>Jacek Kowalski (\u015bpiew, teksty, melodie), Tomasz Dobrza\u0144ski (aran\u017cacje, kierownictwo muzyczne), zesp\u00f3\u0142 Klub \u015awi\u0119tego Ludwika,<\/em><strong><em> Grunwald 1410 po Kowalsku <\/em><\/strong>[CD], Pozna\u0144 2010<\/p>\n\n\n\n<figure class=\"wp-block-image is-resized\"><img loading=\"lazy\" src=\"https:\/\/www.religijna.pl\/images\/thumbs\/0006483_grunwald-1410-po-kowalsku-jacek-kowalski-i-klub-swietego-ludwika-cd.jpeg\" alt=\"Grunwald 1410 po Kowalsku - Jacek Kowalski i Klub \u015awi\u0119tego Ludwika : P\u0142yta CD\" width=\"644\" height=\"644\"\/><\/figure>\n\n\n\n<p><strong>Jacek Kowalski (\u015bpiew, wyb\u00f3r tekst\u00f3w historycznych, teksty w\u0142asne, melodie), Anita Murawka (aran\u017cacje, kierownictwo muzyczne), <\/strong><em>Wies\u0142aw Wolnik (aran\u017cacje, gitara), <strong>Nie masz pana nad u\u0142ana<\/strong><\/em><strong> [p\u0142yta CD live \u2013 zapis koncertu emitowanego na \u017cywo ze Studio im. Agnieszki Osieckiej 11 listopada 2008] <\/strong>[CD], bd [Warszawa 2010]<\/p>\n\n\n\n<figure class=\"wp-block-image size-large is-resized\"><img loading=\"lazy\" src=\"https:\/\/jacekkowalski.pl\/wp-content\/uploads\/2022\/06\/26_Nie-masz-pana.jpg\" alt=\"\" class=\"wp-image-1578\" width=\"332\" height=\"266\"\/><\/figure>\n\n\n\n<h4><strong><u>2009<\/u><\/strong><\/h4>\n\n\n\n<p><strong>ARTYKU\u0141Y<\/strong><\/p>\n\n\n\n<p><em><strong>Jak wyros\u0142a szamotulska kolegiata<\/strong><\/em><strong>,<\/strong> w: Szamotu\u0142y. Karty z dziej\u00f3w miasta, t. 2, \u201eSzamotulskie Zeszyty Muzealne\u201d 3, red. I. Skierska, Szamotu\u0142y 2009, s. 39-57<\/p>\n\n\n\n<p><strong>TW\u00d3RCZO\u015a\u0106 W\u0141ASNA<\/strong><\/p>\n\n\n\n<p>\u2013 nagrania:<\/p>\n\n\n\n<p><em>Jacek Kowalski (\u015bpiew, teksty, przek\u0142ady, melodie), Tomasz Dobrza\u0144ski (aran\u017cacje, kierownictwo muzyczne), zesp\u00f3\u0142 Klub \u015awi\u0119tego Ludwika,<\/em><strong><em> Wojna i Mi\u0142o\u015b\u0107 <\/em><\/strong>[CD],&nbsp;Warszawa 2009<strong><\/strong><\/p>\n\n\n\n<figure class=\"wp-block-image size-large is-resized\"><img loading=\"lazy\" src=\"https:\/\/jacekkowalski.pl\/wp-content\/uploads\/2022\/06\/27_Wojna-i-milos\u0301c\u0301.jpg\" alt=\"\" class=\"wp-image-1579\" width=\"306\" height=\"256\"\/><\/figure>\n\n\n\n<h4><strong><u>2008<\/u><\/strong><\/h4>\n\n\n\n<p><strong>KSIA\u017bKI<\/strong><\/p>\n\n\n\n<p><em><strong>Niezb\u0119dnik konfederata barskiego. Awantury, kuranty, pie\u015bni konfederackie i za\u015bciankowe<\/strong><\/em><strong> [ksi\u0105\u017cka i p\u0142yta CD],<\/strong><br>Pozna\u0144 2008<\/p>\n\n\n\n<figure class=\"wp-block-image is-resized\"><img loading=\"lazy\" src=\"https:\/\/debogora.com\/pol_pm_Niezbednik-konfederata-barskiego-93_10.jpg\" alt=\"Niezb\u0119dnik konfederata barskiego\" width=\"715\" height=\"477\"\/><\/figure>\n\n\n\n<p><strong>ROZDZIA\u0141 W KSI\u0104\u017bCE \/ MONOGRAFII NAUKOWEJ<\/strong><\/p>\n\n\n\n<p><em><strong>Architektura i sztuka<\/strong><\/em><strong>,<\/strong> w: <em>Z dziej\u00f3w K\u00f3rnika i Bnina. Studia i materia\u0142y, t. II<\/em>, red. J. Fogel, Pozna\u0144 2008, s. 89-129<\/p>\n\n\n\n<p><strong>ARTYKU\u0141Y<\/strong><\/p>\n\n\n\n<p><em><strong>Gotycka kolegiata w Szamotu\u0142ach. Nieznane dzieje i nowe interpretacje<\/strong><\/em><strong>,<\/strong> \u201eArtium Quaestiones\u201d 19 (2008), s. 57-98 | <a href=\"https:\/\/digi.ub.uni-heidelberg.de\/diglit\/artium_quaestiones2008\/0059\/image,info\">artyku\u0142 dost\u0119pny w internecie TUTAJ<\/a><\/p>\n\n\n\n<p><em><strong>Sapiens architectus dans la litt\u00e9rature de l\u2019ancien fran\u00e7ais de la seconde moiti\u00e9 du XIIe si\u00e8cle<\/strong><\/em><strong>,<\/strong> w: <em>Buchkunst im Mittelalter und Kunst der Genenwart \u2013 Scrinium Kilonense. Festschrtift fur Ulrich Kuder<\/em>, red. H.-W. Stock, B. Tewes, Ch. Waszak, Nordhausen 2008, s. 171-181<\/p>\n\n\n\n<p><strong>PRZEK\u0141ADY \u2013 W WIELOAUTORSKIEJ ANTOLOGII \u2013 KSI\u0104\u017bKA<\/strong><\/p>\n\n\n\n<p><em><strong>Ojcze nasz. Przek\u0142ady, parafrazy i inne literackie opracowania Modlitwy Pa\u0144skiej<\/strong><\/em><strong> [tu: kilkana\u015bcie przek\u0142ad\u00f3w poetyckich utwor\u00f3w starofrancuskich JK],<\/strong><strong> <\/strong>red. J. Choroszy, Wroc\u0142aw 2008, t. 1-2, Wroc\u0142aw 2008<\/p>\n\n\n\n<p>TW\u00d3RCZO\u015a\u0106 W\u0141ASNA<\/p>\n\n\n\n<p>nagrania<\/p>\n\n\n\n<p><strong>Jacek Kowalski (\u015bpiew), Anita Murawka (aran\u017cacje, kierownictwo muzyczne), zesp\u00f3\u0142 Monogramista JK, <\/strong><em><strong>Niezb\u0119dnik konfederata barskiego<\/strong><\/em><strong> [p\u0142yta za\u0142\u0105czona do ksi\u0105\u017cki tego\u017c tytu\u0142u] <\/strong>[CD], Pozna\u0144 2008<\/p>\n\n\n\n<figure class=\"wp-block-image is-resized\"><img loading=\"lazy\" src=\"https:\/\/e.snmc.io\/i\/1200\/s\/d84f4c9309c1b0dd9fadb170a4f0bd78\/5617121\" alt=\"Niezb\u0119dnik konfederata by Jacek Kowalski i Monogramista JK (Album):  Reviews, Ratings, Credits, Song list - Rate Your Music\" width=\"283\" height=\"277\"\/><\/figure>\n\n\n\n<h4><strong><u>2007<\/u><\/strong><\/h4>\n\n\n\n<p><strong>KSIA\u017bKI<\/strong><\/p>\n\n\n\n<p><em><strong>Kolegiata k\u00f3rnicka. Od prywatnej \u015bwi\u0105tyni do romantycznego sejmu Rzeczypospolitej. Monografia artystyczna<\/strong><\/em><strong>, <\/strong>K\u00f3rnik 2007 | <a href=\"https:\/\/www.academia.edu\/42305102\/Jacek_Kowalski_Ko%C5%9Bci%C3%B3%C5%82_k%C3%B3rnicki_jako_galeria_malarstwa_Mariana_Jaroczy%C5%84skiego\">rozdzia\u0142 <em>K<strong>o\u015bci\u00f3\u0142 k\u00f3rnicki jako galeria malarstwa Mariana Jaroczy\u0144skiego<\/strong><\/em> dost\u0119pny w internecie TU<\/a>  |  <a href=\"https:\/\/www.academia.edu\/42317879\/Jacek_Kowalski_Ko%C5%9Bci%C3%B3%C5%82_k%C3%B3rnicki_romantycznym_Sejmem_Rzeczypospolitej_czyli_litografia_Mariana_Jroczy%C5%84skiego\">rozdzia\u0142 <strong><em>Ko\u015bci\u00f3\u0142 k\u00f3rnicki romantycznym Sejmem Rzeczypospolitej, czyli litografia Mariana Jaroczy\u0144skiego<\/em> <\/strong>dost\u0119pny w internecie TU<\/a><\/p>\n\n\n\n<figure class=\"wp-block-image size-large is-resized\"><img src=\"https:\/\/jacekkowalski.pl\/wp-content\/uploads\/2022\/06\/30_Kolegiata-ko\u0301rnicka.jpg\" alt=\"\" class=\"wp-image-1582\" width=\"492\" srcset=\"https:\/\/jacekkowalski.pl\/wp-content\/uploads\/2022\/06\/30_Kolegiata-ko\u0301rnicka.jpg 300w, https:\/\/jacekkowalski.pl\/wp-content\/uploads\/2022\/06\/30_Kolegiata-ko\u0301rnicka-288x300.jpg 288w\" sizes=\"(max-width: 300px) 100vw, 300px\" \/><\/figure>\n\n\n\n<p><em><strong>Niezb\u0119dnik Trubadura. Dumania, kancony i romanse<\/strong><\/em><strong> [esej i antologia pie\u015bni starofrancuskich w przek\u0142adach w\u0142asnych oraz CD z reedycj\u0105 nagra\u0144 \u201eTrubadurzy i truwerzy\u2026\u201d z 1997 i \u201ePie\u015b\u0144 o bitwie\u2026\u201d z 1999 roku], <\/strong>Pozna\u0144 2007<\/p>\n\n\n\n<figure class=\"wp-block-image\"><img src=\"https:\/\/debogora.com\/pol_pl_Niezbednik-trubadura-96_2.jpg\" alt=\"\"\/><\/figure>\n\n\n\n<p>Jacek Kowalski, <strong><em>Podr\u00f3\u017c do dwunastu ko\u015bci\u00f3\u0142k\u00f3w drewnianych<\/em><\/strong> [i CD Jacek Kowalski (teksty, melodie, dob\u00f3r tekst\u00f3w i melodii dawnych, \u015bpiew, citola), Tomasz Dobrza\u0144ski (aran\u017cacje, kierownictwo muzyczne), zesp\u00f3\u0142 Klub \u015awi\u0119tego Ludwika, <em>Pie\u015bni drewnianych ko\u015bci\u00f3\u0142k\u00f3w<\/em>], ZPORR, Murowana Go\u015blina 2007<\/p>\n\n\n\n<p><strong>ROZDZIA\u0141 W KSI\u0104\u017bCE \/ PODR\u0118CZNIKU AKADEMICKIM<\/strong><\/p>\n\n\n\n<p><em><strong>Barok<\/strong><\/em><strong>,<\/strong> w: B. Hojdis, J. Kowalski, K. Meller, <em>Literatura staropolska<\/em>, Pozna\u0144 2009, s. 177- 322<\/p>\n\n\n\n<figure class=\"wp-block-image\"><img src=\"https:\/\/bigimg.taniaksiazka.pl\/images\/popups\/080\/978837177486733.jpg\" alt=\"\"\/><\/figure>\n\n\n\n<p><strong>TW\u00d3RCZO\u015a\u0106 W\u0141ASNA<\/strong><\/p>\n\n\n\n<p>Jacek Kowalski (teksty, melodie, dob\u00f3r tekst\u00f3w i melodii dawnych, \u015bpiew, citola), Tomasz Dobrza\u0144ski (aran\u017cacje, kierownictwo muzyczne), zesp\u00f3\u0142 Klub \u015awi\u0119tego Ludwika, <strong><em>Pie\u015bni drewnianych ko\u015bci\u00f3\u0142k\u00f3w<\/em><\/strong>[p\u0142yta CD dodana do ksi\u0105\u017cki JK<em> Podr\u00f3\u017c do dwunastu ko\u015bci\u00f3\u0142k\u00f3w drewnianych<\/em>, jw.]<\/p>\n\n\n\n<h4><strong><u>2006<\/u><\/strong><\/h4>\n\n\n\n<p><strong>KSIA\u017bKI<\/strong><\/p>\n\n\n\n<p><em><strong>Niezb\u0119dnik Sarmaty poprzedzony Obron\u0105 i U\u015bwietnieniem Sarmacji Obojej. Pie\u015bni, dumy, polonezy<\/strong><\/em><strong> [ksi\u0105\u017cka i p\u0142yta CD],<\/strong> Pozna\u0144 2006<\/p>\n\n\n\n<figure class=\"wp-block-image\"><img src=\"https:\/\/debogora.com\/pol_pl_Niezbednik-Sarmaty-95_4.jpg\" alt=\"\"\/><\/figure>\n\n\n\n<p><em><strong>Niezb\u0119dnik krzy\u017cowca. Pie\u015bni i opowie\u015bci krucjatowe<\/strong><\/em><strong> [esej i antologia pie\u015bni starofrancuskich w przek\u0142adach w\u0142asnych oraz CD z reedycj\u0105 nagrania \u201eRycerze Dobrej Opieki\u201d z 2003 roku], <\/strong>Pozna\u0144 2006<\/p>\n\n\n\n<figure class=\"wp-block-image\"><img src=\"https:\/\/debogora.com\/pol_pl_Niezbednik-krzyzowca-94_22.jpg\" alt=\"\"\/><\/figure>\n\n\n\n<p><strong>KSI\u0104\u017bKA REDAGOWANA<\/strong><\/p>\n\n\n\n<p><em><strong>Wielkopolska-Polska-Europa<\/strong><\/em><strong>. Studia dedykowane pami\u0119ci Alicji Kar\u0142owskiej-Kamzowej,<\/strong> red. J. Wiesio\u0142owski przy wsp\u00f3\u0142pracy J. Kowalskiego, Pozna\u0144 2006<\/p>\n\n\n\n<p><strong>ARTYKU\u0141Y<\/strong><\/p>\n\n\n\n<p><em><strong>O ko\u015bciele k\u00f3rnickim i wielkopolskich halach obej\u015bciowych<\/strong><\/em><strong>,<\/strong> w: <em>Wielkopolska \u2013 Polska \u2013 Europa. Studia dedykowane pami\u0119ci Alicji Kar\u0142owskiej-Kamzowej<\/em>, red. J. Wiesio\u0142owski, J. Kowalski, Pozna\u0144 2006, s. 197-211<\/p>\n\n\n\n<p><em><strong>Le ch\u00e2teau de Jalousie: du r\u00eave \u00e0 la r\u00e9alit\u00e9<\/strong><\/em><strong>,<\/strong> w: <em>De la rose. Texte, image, fortune<\/em>, Louvain-Paris-Dudley 2006, s. 81-90<\/p>\n\n\n\n<p><em><strong>\u201eVeste kemmen\u00e2de\u201d d\u2019une princesse polonaise mal mari\u00e9e<\/strong><\/em><strong> ,<\/strong> w: \u201eContez me le tout\u201d. M\u00e9langes de langue et litt\u00e9rature m\u00e9di\u00e9vales offerts \u00e0 Herman Braet, Louvain-Paris-Dudley 2006, s. 559-575<\/p>\n\n\n\n<p><strong>PRZEK\u0141ADY<\/strong><\/p>\n\n\n\n<p><em><strong>Napoleon Bonaparte<\/strong><\/em><strong>, Clisson i Eugenia, prze\u0142. JK, <\/strong>Pozna\u0144 2006<\/p>\n\n\n\n<p><strong>TW\u00d3RCZO\u015a\u0106 W\u0141ASNA<\/strong><\/p>\n\n\n\n<p>\u2013 nagrania:<\/p>\n\n\n\n<p><em>Jacek Kowalski (\u015bpiew, teksty, przek\u0142ady, melodie), Tomasz Dobrza\u0144ski (aran\u017cacje, kierownictwo muzyczne), zesp\u00f3\u0142 Klub \u015awi\u0119tego Ludwika,<\/em><strong><em> <\/em><\/strong><em><strong>Niezb\u0119dnik Sarmaty<\/strong><\/em><strong> [p\u0142yta za\u0142\u0105czona do ksi\u0105\u017cki tego\u017c tytu\u0142u] <\/strong>[CD], Pozna\u0144&nbsp;2006<\/p>\n\n\n\n<h4><strong><u>2005<\/u><\/strong><\/h4>\n\n\n\n<p><strong>ROZDZIA\u0141 W KSI\u0104\u017bCE \/ PODR\u0118CZNIKU AKADEMICKIM<\/strong><\/p>\n\n\n\n<p><em><strong>Francja \u015bredniowieczna<\/strong><\/em><strong>,<\/strong> w: J. Kowalski, A. i M. Loba, J. Prokop, <em>Dzieje kultury Francuskiej<\/em>, Warszawa 2005, s. 17-230<\/p>\n\n\n\n<figure class=\"wp-block-image\"><img src=\"https:\/\/static3.tezeusz.pl\/product_show\/images\/b2\/e0\/2b\/dzieje-kultury-francuskiej-mirosaw-loba.jpeg\" alt=\"Dzieje kultury francuskiej\"\/><\/figure>\n\n\n\n<p><strong>KSI\u0104\u017bKA \/ WYDANIE TEKSTU \u0179R\u00d3D\u0141OWEGO \/ WSPOMNIENIA<\/strong><\/p>\n\n\n\n<p><strong>Stanis\u0142aw Micha\u0142owski<\/strong>, <strong><em>Spotkanie z hrabiank\u0105 Mari\u0105 Zamoysk\u0105<\/em>, <\/strong>opr. Jacek Kowalski, \u017bnin 2005.<\/p>\n\n\n\n<figure class=\"wp-block-image is-resized\"><img loading=\"lazy\" src=\"https:\/\/palukitv.pl\/images\/foto\/sklep\/500-spotkanie-z-hrabianka-maria-zamoyska.jpg\" alt=\"palukitv.pl - Wydawnictwa\" width=\"342\" height=\"533\"\/><\/figure>\n\n\n\n<p><strong>ARTYKU\u0141Y<\/strong><\/p>\n\n\n\n<p><em><strong>Neogotycka przebudowa kolegiaty k\u00f3rnickiej<\/strong><\/em><strong>,<\/strong> \u201ePami\u0119tnik Biblioteki K\u00f3rnickiej\u201d 27 (2005), s. 239-275 | <a href=\"https:\/\/www.academia.edu\/42217498\/Jacek_Kowalski_Neogotycka_przebudowa_kolegiaty_k%C3%B3rnickiej\">dost\u0119pna w internecie TU <\/a><\/p>\n\n\n\n<p><em><strong>Grant piler \u015bredniowiecznej literatury francuskiej i zamek w Vincennes<\/strong><\/em><strong>,<\/strong> w: <em>Sacrum. Obraz i funkcja w spo\u0142ecze\u0144stwie \u015bredniowiecznym<\/em>, Warszawa 2005, s. 415-433<\/p>\n\n\n\n<p><strong>ESEJ<\/strong><\/p>\n\n\n\n<p><em><strong>Dwie Sarmacje. Na kanwie wystawy w Muzeum Narodowym w Poznaniu<\/strong><\/em><strong>,<\/strong> \u201eChristianitas\u201d, 2005, 23\/24, s. 23-94<\/p>\n\n\n\n<p><strong>TW\u00d3RCZO\u015a\u0106 W\u0141ASNA<\/strong><\/p>\n\n\n\n<p>\u2013 publikacje ksi\u0105\u017ckowe<\/p>\n\n\n\n<p><em><strong>Receptury Klasztorne<\/strong><\/em><strong> [przepisy kulinarne i wierszyki&nbsp;\u2013 wydanie zbiorowe poprzednich tomik\u00f3w \u2013 wiele wznowie\u0144 w latach nast\u0119pnych],<\/strong><strong> <\/strong>Pozna\u0144&nbsp;2005<\/p>\n\n\n\n<figure class=\"wp-block-image size-large is-resized\"><img loading=\"lazy\" src=\"https:\/\/jacekkowalski.pl\/wp-content\/uploads\/2022\/06\/36_Receptury-Klasztorne.jpg\" alt=\"\" class=\"wp-image-1588\" width=\"328\" height=\"495\"\/><\/figure>\n\n\n\n<p><em><strong>Receptury z klasztornej kuchni. Przepisy wigilijne<\/strong><\/em><strong> [przepisy kulinarne i wierszyki], <\/strong>Pozna\u0144 2005<\/p>\n\n\n\n<p>\u2013 nagrania:<\/p>\n\n\n\n<p><em>Jacek Kowalski (\u015bpiew, teksty, przek\u0142ady, melodie), Tomasz Dobrza\u0144ski (aran\u017cacje, kierownictwo muzyczne), zesp\u00f3\u0142 Klub \u015awi\u0119tego Ludwika,<\/em><strong><em> Otruta markiza. Stare ballady francuskie po polsku <\/em><\/strong>[CD], Hamburg&nbsp;2005<\/p>\n\n\n\n<figure class=\"wp-block-image size-large is-resized\"><img loading=\"lazy\" src=\"https:\/\/jacekkowalski.pl\/wp-content\/uploads\/2022\/06\/37_Otruta-Markiza.jpg\" alt=\"\" class=\"wp-image-1589\" width=\"275\" height=\"275\" srcset=\"https:\/\/jacekkowalski.pl\/wp-content\/uploads\/2022\/06\/37_Otruta-Markiza.jpg 260w, https:\/\/jacekkowalski.pl\/wp-content\/uploads\/2022\/06\/37_Otruta-Markiza-150x150.jpg 150w, https:\/\/jacekkowalski.pl\/wp-content\/uploads\/2022\/06\/37_Otruta-Markiza-100x100.jpg 100w\" sizes=\"(max-width: 275px) 100vw, 275px\" \/><\/figure>\n\n\n\n<p><em>Jacek Kaczmarski (teksty, melodie, \u015bpiew, gitara), Jacek Kowalski (teksty, melodie, \u015bpiew, gitara), Wies\u0142aw Wolnik (aran\u017cacje, kierownictwo muzyczne), zesp\u00f3\u0142 Monogramista JK, <strong>Dwie Sarmacje<\/strong><\/em><strong> [dodatek do \u201eChristianitas\u201d z grudnia 2005; zapis koncertu ze stycznia 1995 roku] <\/strong>[CD], Pozna\u0144 2005<\/p>\n\n\n\n<figure class=\"wp-block-image size-large is-resized\"><img loading=\"lazy\" src=\"https:\/\/jacekkowalski.pl\/wp-content\/uploads\/2022\/06\/38_Dwie-sarmacje.jpg\" alt=\"\" class=\"wp-image-1590\" width=\"273\" height=\"206\" srcset=\"https:\/\/jacekkowalski.pl\/wp-content\/uploads\/2022\/06\/38_Dwie-sarmacje.jpg 450w, https:\/\/jacekkowalski.pl\/wp-content\/uploads\/2022\/06\/38_Dwie-sarmacje-300x225.jpg 300w\" sizes=\"(max-width: 273px) 100vw, 273px\" \/><\/figure>\n\n\n\n<h4><strong><u>2004<\/u><\/strong><\/h4>\n\n\n\n<p><strong>KSI\u0104\u017bKA REDAGOWANA<\/strong><\/p>\n\n\n\n<p><em><strong>Ksi\u0119ga \u2013 nauka \u2013 wiara w \u015bredniowiecznej Europie<\/strong><\/em><strong>,<\/strong> Wydawnictwo Pozna\u0144skiego Towarzystwa Przyjaci\u00f3\u0142 Nauk, Pozna\u0144 2004<\/p>\n\n\n\n<p><strong>ARTYKU\u0141Y<\/strong><\/p>\n\n\n\n<p><em><strong>\u201eVeste kemmen\u00e2de\u201d Przemys\u0142a i Ludgardy<\/strong><\/em><strong>,<\/strong> \u201eKronika Miasta Poznania\u201d 4 (2004), s. 45-64<\/p>\n\n\n\n<p><strong>PRZEK\u0141ADY<\/strong><\/p>\n\n\n\n<p><strong>Alain Chartier, <\/strong><em><strong>Brewiarz Szlachetnych<\/strong><\/em><strong> \/ <\/strong><em><strong>Breviaire des nobles<\/strong><\/em><strong>, prze\u0142. JK,<\/strong><br>\u201eChristianitas\u201d 2004, 19\/20, s. 195-211<\/p>\n\n\n\n<p><strong>TW\u00d3RCZO\u015a\u0106 W\u0141ASNA<\/strong><\/p>\n\n\n\n<p>\u2013 publikacje ksi\u0105\u017ckowe<\/p>\n\n\n\n<p><em><strong>Z klasztornego piekarnika<\/strong><\/em><strong> [przepisy kulinarne i wierszyki],<\/strong> Pozna\u0144 2004<\/p>\n\n\n\n<p><em><strong>Z klasztornej piwniczki<\/strong><\/em><strong> [przepisy kulinarne i wierszyki], <\/strong>Pozna\u0144 2004<\/p>\n\n\n\n<figure class=\"wp-block-image size-large is-resized\"><img loading=\"lazy\" src=\"https:\/\/jacekkowalski.pl\/wp-content\/uploads\/2022\/06\/39_Receptury-z-klasztornej-piwniczki.jpg\" alt=\"\" class=\"wp-image-1591\" width=\"306\" height=\"437\" srcset=\"https:\/\/jacekkowalski.pl\/wp-content\/uploads\/2022\/06\/39_Receptury-z-klasztornej-piwniczki.jpg 329w, https:\/\/jacekkowalski.pl\/wp-content\/uploads\/2022\/06\/39_Receptury-z-klasztornej-piwniczki-210x300.jpg 210w\" sizes=\"(max-width: 306px) 100vw, 306px\" \/><\/figure>\n\n\n\n<p>\u2013 nagrania:<\/p>\n\n\n\n<p><strong>Jacek Kowalski (\u015bpiew, gitara, wyb\u00f3r tekst\u00f3w historycznych), Anita Murawka (aran\u017cacje, kierownictwo muzyczne)<\/strong><em>, zesp\u00f3\u0142 Monogramista JK, <\/em><strong><em>Hey, hey, hey. Kol\u0119dy staropolskie <\/em><\/strong>[CD], Pozna\u0144 2004 [dodatek do \u201eChristianitas\u201d z grudnia 2004]<\/p>\n\n\n\n<figure class=\"wp-block-image size-large is-resized\"><img loading=\"lazy\" src=\"https:\/\/jacekkowalski.pl\/wp-content\/uploads\/2022\/06\/40_Hey-Hey-Hey.jpg\" alt=\"\" class=\"wp-image-1592\" width=\"282\" height=\"282\" srcset=\"https:\/\/jacekkowalski.pl\/wp-content\/uploads\/2022\/06\/40_Hey-Hey-Hey.jpg 198w, https:\/\/jacekkowalski.pl\/wp-content\/uploads\/2022\/06\/40_Hey-Hey-Hey-150x150.jpg 150w, https:\/\/jacekkowalski.pl\/wp-content\/uploads\/2022\/06\/40_Hey-Hey-Hey-100x100.jpg 100w\" sizes=\"(max-width: 282px) 100vw, 282px\" \/><\/figure>\n\n\n\n<h4><strong><u>2003<\/u><\/strong><\/h4>\n\n\n\n<p><strong>ROZDZIA\u0141 W KSI\u0104\u017bCE \/ PODR\u0118CZNIKU AKADEMICKIM<\/strong><\/p>\n\n\n\n<p><em><strong>Literatura francuska<\/strong><\/em><strong>,<\/strong> w: <em>Historia literatury \u015bwiatowej w dziesi\u0119ciu tomach, t. II, \u015aredniowiecze, cz. 1<\/em>, red. T. Skoczek, L. \u017buli\u0144ski, Bochnia-Krak\u00f3w-Warszawa bd. [2003], s. 293-360<\/p>\n\n\n\n<p><strong>KSI\u0104\u017bKA REDAGOWANA<\/strong><\/p>\n\n\n\n<p><strong><em>Zamek i dw\u00f3r w \u015bredniowieczu od XI do XV wieku. Materia\u0142y XIX Seminarium Mediewistycznego<\/em><\/strong>, red. Jacek Wiesio\u0142owski przy wsp\u00f3\u0142pr. Jacka Kowalskiego, Pozna\u0144skie Towarzystwo Przyjaci\u00f3\u0142 Nauk, Pozna\u0144 2001.<\/p>\n\n\n\n<p><strong>ARTYKU\u0141Y<\/strong><\/p>\n\n\n\n<p><em><strong>Pan zas\u0142oni\u0142 swoje oblicze<\/strong><\/em><strong>,<\/strong> w: <em>\u201eDziewica Orlea\u0144ska\u201d Jana Matejki. Materia\u0142y II Seminarium Instytutu Historii Sztuki UAM i Muzeum Narodowego w Poznaniu<\/em>, 9-10 listopada 2001, red. S. Czekalski, Pozna\u0144 2003, s. 11-34<\/p>\n\n\n\n<p><strong>TW\u00d3RCZO\u015a\u0106 W\u0141ASNA<\/strong><\/p>\n\n\n\n<p>\u2013 nagrania:<\/p>\n\n\n\n<p><em>Jacek Kowalski (\u015bpiew, przek\u0142ady), Tomasz Dobrza\u0144ski (aran\u017cacje, kierownictwo muzyczne), zesp\u00f3\u0142 Klub \u015awi\u0119tego Ludwika,<\/em><strong><em> Rycerze Dobrej Opieki. Pie\u015bni wypraw krzy\u017cowych po polsku <\/em><\/strong>[CD], Krak\u00f3w&nbsp;2003<\/p>\n\n\n\n<figure class=\"wp-block-image size-large is-resized\"><img loading=\"lazy\" src=\"https:\/\/jacekkowalski.pl\/wp-content\/uploads\/2022\/06\/41_Rycerze-dobrej-opieki.jpg\" alt=\"\" class=\"wp-image-1593\" width=\"299\" height=\"299\" srcset=\"https:\/\/jacekkowalski.pl\/wp-content\/uploads\/2022\/06\/41_Rycerze-dobrej-opieki.jpg 260w, https:\/\/jacekkowalski.pl\/wp-content\/uploads\/2022\/06\/41_Rycerze-dobrej-opieki-150x150.jpg 150w, https:\/\/jacekkowalski.pl\/wp-content\/uploads\/2022\/06\/41_Rycerze-dobrej-opieki-100x100.jpg 100w\" sizes=\"(max-width: 299px) 100vw, 299px\" \/><\/figure>\n\n\n\n<p><em>Jacek Kowalski (teksty, melodie, \u015bpiew, gitara), Wies\u0142aw Wolnik (aran\u017cacje, kierownictwo muzyczne), zesp\u00f3\u0142 Monogramista JK, <strong>Serce i rozum<\/strong><\/em><strong> [p\u0142yta CD live] <\/strong>[CD], Krak\u00f3w 2003<\/p>\n\n\n\n<p><\/p>\n\n\n\n<figure class=\"wp-block-image is-resized\"><img loading=\"lazy\" src=\"https:\/\/e.snmc.io\/i\/600\/w\/73e0193ba1ebed7ed5e96f92b10a0adf\/3165145\/jacek-kowalski-i-monogramista-jk-serce-i-rozum-Cover-Art.jpg\" alt=\"Cover art for Serce i rozum by Jacek Kowalski i Monogramista JK\" width=\"297\" height=\"297\"\/><\/figure>\n\n\n\n<h4><strong><u>2002<\/u><\/strong><\/h4>\n\n\n\n<p><strong>KSIA\u017bKI<\/strong><\/p>\n\n\n\n<p><em><strong>O czym \u015bpiewaj\u0105 niebiosa czyli \u015bredniowiecze jak \u015bwie\u017ce bu\u0142eczki<\/strong><\/em><strong>, <\/strong>Krak\u00f3w&nbsp;2002<\/p>\n\n\n\n<figure class=\"wp-block-image size-large is-resized\"><img loading=\"lazy\" src=\"https:\/\/jacekkowalski.pl\/wp-content\/uploads\/2022\/06\/43_o-czym-spiwewaja-niebiosa.jpg\" alt=\"\" class=\"wp-image-1595\" width=\"247\" height=\"376\" srcset=\"https:\/\/jacekkowalski.pl\/wp-content\/uploads\/2022\/06\/43_o-czym-spiwewaja-niebiosa.jpg 296w, https:\/\/jacekkowalski.pl\/wp-content\/uploads\/2022\/06\/43_o-czym-spiwewaja-niebiosa-197x300.jpg 197w\" sizes=\"(max-width: 247px) 100vw, 247px\" \/><\/figure>\n\n\n\n<p><strong>KSI\u0104\u017bKA REDAGOWANA<\/strong><\/p>\n\n\n\n<p><em><strong>Wielkopolski Maro. Samuel ze Skrzypny i jego dzie\u0142o w Wielkiej i malej ojczyznie<\/strong><\/em><strong>,<\/strong> red. K. Meller, J. Kowalski, Instytut Polonistyki UAM, Biblioteka Literacka Studi\u00f3w Polonistycznych, t. 34, Pozna\u0144 2002<\/p>\n\n\n\n<figure class=\"wp-block-image size-large is-resized\"><img loading=\"lazy\" src=\"https:\/\/jacekkowalski.pl\/wp-content\/uploads\/2022\/06\/44_wielkoposki-maro.png\" alt=\"\" class=\"wp-image-1596\" width=\"498\" height=\"757\" srcset=\"https:\/\/jacekkowalski.pl\/wp-content\/uploads\/2022\/06\/44_wielkoposki-maro.png 333w, https:\/\/jacekkowalski.pl\/wp-content\/uploads\/2022\/06\/44_wielkoposki-maro-197x300.png 197w\" sizes=\"(max-width: 498px) 100vw, 498px\" \/><\/figure>\n\n\n\n<p><strong>ARTYKU\u0141<\/strong><\/p>\n\n\n\n<p><em><strong>Gda\u0144ska laterna i \u017carliwe luny. Rymowana architektura Samuela ze Skrzypny Twardowskiego na tle tradycji europejskiej<\/strong><\/em><strong>,<\/strong> w: <em>Wielkopolski Maro. Samuel ze Skrzypny i jego dzielo w Wielkiej i malej ojczy\u017anie<\/em>, red. K. Meller, J. Kowalski, Biblioteka Literacka Studi\u00f3w Polonistycznych t. 34, Pozna\u0144 2002, s. 388-407<\/p>\n\n\n\n<h4><strong><u>2001<\/u><\/strong><\/h4>\n\n\n\n<p><strong>KSIA\u017bKI<\/strong><\/p>\n\n\n\n<p><em><strong>Rymowane zamki. Tematy architektoniczne w literaturze starofrancuskiej drugiej po\u0142owy XII wieku<\/strong><\/em><strong>, <\/strong>Warszawa 2001<\/p>\n\n\n\n<figure class=\"wp-block-image size-large is-resized\"><img loading=\"lazy\" src=\"https:\/\/jacekkowalski.pl\/wp-content\/uploads\/2022\/06\/image-12-745x1024.png\" alt=\"\" class=\"wp-image-1798\" width=\"403\" height=\"554\" srcset=\"https:\/\/jacekkowalski.pl\/wp-content\/uploads\/2022\/06\/image-12-745x1024.png 745w, https:\/\/jacekkowalski.pl\/wp-content\/uploads\/2022\/06\/image-12-218x300.png 218w, https:\/\/jacekkowalski.pl\/wp-content\/uploads\/2022\/06\/image-12-768x1056.png 768w, https:\/\/jacekkowalski.pl\/wp-content\/uploads\/2022\/06\/image-12.png 1060w\" sizes=\"(max-width: 403px) 100vw, 403px\" \/><\/figure>\n\n\n\n<p><strong>TW\u00d3RCZO\u015a\u0106 W\u0141ASNA<\/strong><\/p>\n\n\n\n<p>\u2013 publikacja ksi\u0105\u017ckowa \u2013 szkic historyczny i utwory poetyckie<\/p>\n\n\n\n<p><strong><em>Na ko\u015bci\u00f3\u0142ek drewniany w Kicinie,<\/em><\/strong> Kicin 2001<\/p>\n\n\n\n<h4><strong><u>2000<\/u><\/strong><\/h4>\n\n\n\n<p><strong>KSI\u0104\u017bKI<\/strong><\/p>\n\n\n\n<p><strong>Karol Orlea\u0144ski, <\/strong><em><strong>Ronda i ballady<\/strong><\/em><strong>. Wybra\u0142 i prze\u0142o\u017cy\u0142 JK,<\/strong> Warszawa 2000<\/p>\n\n\n\n<figure class=\"wp-block-image size-large is-resized\"><img loading=\"lazy\" src=\"https:\/\/jacekkowalski.pl\/wp-content\/uploads\/2022\/06\/46_Karol-orleanski.jpg\" alt=\"\" class=\"wp-image-1598\" width=\"338\" height=\"472\" srcset=\"https:\/\/jacekkowalski.pl\/wp-content\/uploads\/2022\/06\/46_Karol-orleanski.jpg 322w, https:\/\/jacekkowalski.pl\/wp-content\/uploads\/2022\/06\/46_Karol-orleanski-215x300.jpg 215w\" sizes=\"(max-width: 338px) 100vw, 338px\" \/><\/figure>\n\n\n\n<p><strong>ARTYKU\u0141Y<\/strong><\/p>\n\n\n\n<p><em><strong>Zamek w Vincennes na skrzy\u017cowaniu tradycji literackiej i architektonicznej<\/strong><\/em><strong>,<\/strong> w: <em>Zamek i dw\u00f3r w \u015bredniowieczu. Materia\u0142y XIX Seminarium Mediewistycznego<\/em>, red. J. Wiesio\u0142owski, Pozna\u0144 2000, s. 230-240<\/p>\n\n\n\n<p><strong>BROSZURY<\/strong><\/p>\n\n\n\n<p>Jacek Kowalski, <strong><em>Konfederacya. Kr\u00f3tka wiadomo\u015b\u0107 o konfederacji barskiej<\/em><\/strong>, Sprawa Polska [2000] (broszura)<\/p>\n\n\n\n<p><strong><em>Kr\u00f3tka wiadomo\u015b\u0107 o wyprawach krzy\u017cowych<\/em><\/strong>, Fundacja Rozwoju Komunikacji Spo\u0142ecznej, [Warszawa 2000, broszura]<\/p>\n\n\n\n<p><em>[<strong>Ma\u0142y \u015bpiewnik krucjatowy<\/strong> \u2013 wsp\u00f3\u0142oprawna z powy\u017cej wymienion\u0105 publikacj\u0105 Kr\u00f3tka wiadomo\u015b\u0107 o wyprawach krzy\u017cowych]<\/em><em><\/em><\/p>\n\n\n\n<p>Klemens Janicki, \u00ab<strong><em>O sobie samym do potomno\u015bci\u00bb.&nbsp; Ksi\u0119ga \u017cal\u00f3w &#8211; Elegia VII. Zestaropolszczy\u0142 Jacek Kowalski<\/em><\/strong>, Centrum Kultury Zamek, Pozna\u0144 2000<\/p>\n\n\n\n<h4><strong><u>1999<\/u><\/strong><\/h4>\n\n\n\n<p><strong>ARTYKU\u0141Y<\/strong><\/p>\n\n\n\n<p><em><strong>L\u2019architecture n\u00e9o-romane dans la r\u00e9gion de la Grande-Pologne au XIXe si\u00e8cle. Deux nationalit\u00e9s et deux interpr\u00e9tations de la tradition m\u00e9di\u00e9vale<\/strong><\/em><strong>,<\/strong> w: <em>L\u2019invention de l\u2019art roman au XIXe si\u00e8cle. L\u2019\u00e9poque romane vue par le XIXe si\u00e8cle<\/em>, red. Annie Regond, Clermont-Ferrand 1999 (\u201eRevue d\u2019Auvergne\u201d, t. 553, nr 4), s. 205-215<\/p>\n\n\n\n<p><strong>TW\u00d3RCZO\u015a\u0106 W\u0141ASNA<\/strong><\/p>\n\n\n\n<p>\u2013 publikacje ksi\u0105\u017ckowe<\/p>\n\n\n\n<p><strong><em>\u015apiewnik dla rycerstwa p\u0142ci obojej,<\/em><\/strong> Pozna\u0144 1999<\/p>\n\n\n\n<figure class=\"wp-block-image size-large is-resized\"><img loading=\"lazy\" src=\"https:\/\/jacekkowalski.pl\/wp-content\/uploads\/2022\/06\/47_Spiewnik-rycerstwa-plci-obojej.jpg\" alt=\"\" class=\"wp-image-1599\" width=\"289\" height=\"433\"\/><\/figure>\n\n\n\n<p>\u2013 nagrania:<\/p>\n\n\n\n<p><em>Jacek Kowalski (\u015bpiew, lira \u015bredniowieczna), Tomasz Dobrza\u0144ski (kierownictwo muzyczne, crwth),<\/em><strong><em> <\/em><\/strong><em><strong>Pie\u015b\u0144 o bitwie Pod Grunwaldem<\/strong><\/em><strong> [broszura i p\u0142yta CD] [dwuj\u0119zyczna, polsko-francuska edycja zabytku staropolskiego],<\/strong><strong> <\/strong>Pozna\u0144-Warszawa1999<\/p>\n\n\n\n<figure class=\"wp-block-image size-large is-resized\"><img loading=\"lazy\" src=\"https:\/\/jacekkowalski.pl\/wp-content\/uploads\/2022\/06\/48_Piesn-o-bitwie-pod-Grunwaldem.jpg\" alt=\"\" class=\"wp-image-1600\" width=\"277\" height=\"378\"\/><\/figure>\n\n\n\n<h4><strong><u>1998<\/u><\/strong><\/h4>\n\n\n\n<p><strong>ARTYKU\u0141Y<\/strong><\/p>\n\n\n\n<p><em><strong>Wizerunki architektury w \u201eLi\u015bcie prezbitera Jana\u201d. Tradycja literacka a rzeczywisto\u015b\u0107 architektoniczna<\/strong><\/em><strong>,<\/strong> \u201eArtium Quaestiones\u201d 9 (1998), s. 5-52<\/p>\n\n\n\n<p><strong>TW\u00d3RCZO\u015a\u0106 W\u0141ASNA<\/strong><\/p>\n\n\n\n<p>\u2013 publikacja ksi\u0105\u017ckowa<\/p>\n\n\n\n<p><strong><em>Konfederacja barska po Kowalsku,<\/em><\/strong> Pozna\u0144 1998<\/p>\n\n\n\n<figure class=\"wp-block-image size-large is-resized\"><img loading=\"lazy\" src=\"https:\/\/jacekkowalski.pl\/wp-content\/uploads\/2022\/06\/image-11.png\" alt=\"\" class=\"wp-image-1796\" width=\"180\" height=\"282\"\/><\/figure>\n\n\n\n<p>\u2013 nagranie:<\/p>\n\n\n\n<p><em>Jacek Kowalski (teksty, melodie, \u015bpiew, gitara), Wies\u0142aw Wolnik (aran\u017cacje, kierownictwo muzyczne), zesp\u00f3\u0142 Monogramista JK, <\/em><strong><em>Konfederacja barska po Kowalsku <\/em><\/strong>[CD], Krak\u00f3w 1998<\/p>\n\n\n\n<figure class=\"wp-block-image\"><img src=\"https:\/\/archiwum.muzeumpulaski.pl\/assets\/images\/koncertkonfederacja20081.jpg\" alt=\"koncertkonfederacja20081\"\/><\/figure>\n\n\n\n<h4><strong><u>1997<\/u><\/strong><\/h4>\n\n\n\n<p><strong>KSI\u0104\u017bKA WSP\u00d3\u0141REDAGOWANA<\/strong><\/p>\n\n\n\n<p><strong><em>Flora i fauna w kulturze \u015bredniowiecza od XII do XV wieku. Materia\u0142y XVII Seminarium Mediewistycznego<\/em><\/strong>, red. Alicja Kar\u0142owska-Kamzowa przy wsp\u00f3\u0142pr. Jacka Kowalskiego, Pozna\u0144 1997.<\/p>\n\n\n\n<p><strong>ARTYKU\u0141Y<\/strong><\/p>\n\n\n\n<p><em><strong>\u201eRespondeo dicendum\u201d d\u2019Alexandre de Paris. Interpr\u00e9tation de la description du Tombeau d\u2019Alexandre le Grand d\u2019apres le Roman d\u2019Alexandre<\/strong><\/em><strong> (IV, 1486-1551),<\/strong> w: <em>Jeux de la variante. M\u00e9langes offerts a Anna Drzewicka<\/em>, Cracovie 1997, s. 162-172<\/p>\n\n\n\n<p><em><strong>Le culte des anges en Pologne \u00e0 travers les oeuvres d\u2019art<\/strong><\/em><strong>,<\/strong> w: <em>Les anges et les archanges dans l\u2019art et la soci\u00e9t\u00e9 \u00e0 l\u00e9poque romane<\/em>, \u201eCahiers de Saint-Michel de Cuxa\u201d 28 (1997), s. 48-62<\/p>\n\n\n\n<p><em><strong>Anastasis a grobowce bohater\u00f3w w literaturze starofrancuskiej II po\u0142owy XII wieku<\/strong><\/em><strong>,<\/strong> w: <em>Jerozolima w kulturze europejskiej<\/em>. Materia\u0142y z konferencji w Instytucie Sztuki PAN, 14-17 V 1996, red. P. Paszkiewicz, T. Zadro\u017cny, Warszawa 1997, s. 129-142<\/p>\n\n\n\n<p><em><strong>Architektoniczne fantazje Krystiana z Troyes: trzy zamki \u201ePowie\u015bci o Graalu\u201d<\/strong><\/em><strong>,<\/strong> \u201eRocznik Historii Sztuki\u201d XXIII (1997), s. 5-55<\/p>\n\n\n\n<p><strong>TW\u00d3RCZO\u015a\u0106 W\u0141ASNA<\/strong><\/p>\n\n\n\n<p>\u2013 publikacja ksi\u0105\u017ckowa \u2013 tomik piosenek<\/p>\n\n\n\n<p><strong><em>\u015apiewniczek Sarmacki Jacka Kowalskiego,<\/em> <\/strong>Pozna\u0144-Zakopane 1997<\/p>\n\n\n\n<figure class=\"wp-block-image is-resized\"><img loading=\"lazy\" src=\"https:\/\/a.allegroimg.com\/s1024\/0c216b\/9b1793b248df869e5ab4afc0bb7e\" alt=\"\u015apiewniczek Sarmacki - Jacek Kowalski - 11208394845 - oficjalne archiwum  Allegro\" width=\"359\" height=\"343\"\/><\/figure>\n\n\n\n<p>\u2013 nagrania:<\/p>\n\n\n\n<p>Jacek Kowalski (\u015bpiew, gitara, lira \u015bredniowieczna), Jan Go\u0142aski (kierownictwo muzyczne, \u015bpiew), Tomasz Dobrza\u0144ski (kierownictwo muzyczne, crwth), Ewa Pezacka Walker (flet, \u015bpiew), Karol Olejniczak (gitara), <strong><em>Trubadurzy i truwerzy po polsku <\/em><\/strong>[kaseta], Krak\u00f3w 1997<\/p>\n\n\n\n<figure class=\"wp-block-image size-large\"><img loading=\"lazy\" width=\"186\" height=\"294\" src=\"https:\/\/jacekkowalski.pl\/wp-content\/uploads\/2022\/06\/image-9.png\" alt=\"\" class=\"wp-image-1788\"\/><\/figure>\n\n\n\n<figure class=\"wp-block-image size-large\"><img loading=\"lazy\" width=\"1024\" height=\"382\" src=\"https:\/\/jacekkowalski.pl\/wp-content\/uploads\/2022\/06\/image-13-1024x382.png\" alt=\"\" class=\"wp-image-1805\" srcset=\"https:\/\/jacekkowalski.pl\/wp-content\/uploads\/2022\/06\/image-13-1024x382.png 1024w, https:\/\/jacekkowalski.pl\/wp-content\/uploads\/2022\/06\/image-13-300x112.png 300w, https:\/\/jacekkowalski.pl\/wp-content\/uploads\/2022\/06\/image-13-768x286.png 768w, https:\/\/jacekkowalski.pl\/wp-content\/uploads\/2022\/06\/image-13.png 1408w\" sizes=\"(max-width: 767px) 89vw, (max-width: 1000px) 54vw, (max-width: 1071px) 543px, 580px\" \/><\/figure>\n\n\n\n<p><strong><u>1996<\/u><\/strong><\/p>\n\n\n\n<p><strong>KSI\u0104\u017bKA REDAGOWANA<\/strong><\/p>\n\n\n\n<p><strong><em>Ziemia \u015awi\u0119ta w rzeczywisto\u015bci i legendzie \u015bredniowiecza. Materia\u0142y XVI Seminarium Mediewistycznego<\/em><\/strong>, Pozna\u0144 1995, red, Jacek Wiesio\u0142owski przy wsp\u00f3\u0142pr. Jacek Kowalski, Pozna\u0144 1996<\/p>\n\n\n\n<p><strong>ARTYKU\u0141Y<\/strong><\/p>\n\n\n\n<p><em><strong>Tour, pilier, escarboucle. Litt\u00e9rature et architecture en France au XIIe si\u00e8cle<\/strong><\/em><strong>,<\/strong> w: <em>Tours et clochers \u00e0 l\u2019\u00e9poque romane<\/em>, \u201eCahiers de Saint-Michel de Cuxa\u201d 27 (1996), s. 139-154<\/p>\n\n\n\n<p><em><strong>Pa\u0142ac prezbitera Jana: znaczenie i pochodzenie tematu budowli centralnej w \u015bredniowiecznej literaturze francuskiej<\/strong><\/em><strong>,<\/strong> w: <em>Ziemia \u015awi\u0119ta w rzeczywisto\u015bci i legendzie \u015bredniowiecza<\/em>, Materia\u0142y XVI Seminarium Mediewistycznego (1995), red. J. Wiesio\u0142owski przy wsp\u00f3\u0142pracy J. Kowalskiego, Pozna\u0144 1996, s. 52-58<\/p>\n\n\n\n<p><em><strong>Fantazja i rzeczywisto\u015b\u0107. Opisy architektury w literaturze starofrancuskiej drugiej po\u0142owy XIIw.<\/strong><\/em><strong>,<\/strong> w: <em>Wyobra\u017ania \u015bredniowieczna<\/em>, red. T. Micha\u0142owska, Warszawa 1996, s. 223-233<\/p>\n\n\n\n<p><em><strong>Czas i przestrze\u0144 w tek\u015bcie i ilustracjach warszawskiego r\u0119kopisu \u201eRoman de la Rose\u201d<\/strong><\/em><strong>,<\/strong> w: <em>Sztuka oko\u0142o 1400<\/em>. Materia\u0142y z sesji Stowarzyszenia Historyk\u00f3w Sztuki, Pozna\u0144, listopad 1995, red. T. Hrankowska, Warszawa 1996, t. 2, s. 163-188<\/p>\n\n\n\n<h4><strong><u>1995<\/u><\/strong><\/h4>\n\n\n\n<p><strong>KSI\u0104\u017bKA REDAGOWANA<\/strong><\/p>\n\n\n\n<p><em><strong>Bretagne \u2013 Pologne. La tradition m\u00e9di\u00e9vale aux temps modernes<\/strong><\/em><strong>, <em>les textes r\u00e9unis par A. Kar\u0142owska-Kamzowa avec la collaboration de J. Kowalski<\/em>,<\/strong><strong> <\/strong>Pozna\u0144&nbsp;1995<\/p>\n\n\n\n<p><strong>ARTYKU\u0141Y<\/strong><\/p>\n\n\n\n<p><em><strong>Grobowiec Kamilli. Interpretacja opisu architektury w starofrancuskiej \u201ePowie\u015bci o Eneaszu\u201d<\/strong><\/em><strong>,<\/strong> <em>Artium Quaestiones<\/em> 7 (1995), s.45-63<\/p>\n\n\n\n<p><em><strong>L\u2019architecture de J\u00e9rusalem et de Constantinople dans le \u201ePelerinage de Charlemagne\u201d. Moyens de description de l\u2019architecture dans la litterature de l\u2019ancien fran\u00e7ais<\/strong><\/em><strong>,<\/strong> w: <em>Pelerinage et art roman. Villes et campagnes a l\u2019\u00e9poque romane<\/em>, \u201cRevue d\u2019Auvergne\u201d t. 109, nr 1-2, Clermont-Ferrand 1995, s. 93-104<\/p>\n\n\n\n<p><em><strong>Kamilla \u2013 kr\u00f3lowa i wojownik. Pr\u00f3ba interpretacji zasad kompozycyjnych \u201ePowie\u015bci o Eneaszu\u201d<\/strong><\/em><strong>,<\/strong> w: <em>Kobieta w kulturze \u015bredniowiecznej Europy<\/em>. Prace ofiarowane Profesor Alicji Kar\u0142owskiej-Kamzowej, red. A. G\u0105siorowski, Pozna\u0144 1995, s.133-140<\/p>\n\n\n\n<p><strong><u>1994<\/u><\/strong><\/p>\n\n\n\n<p><strong>PRZEK\u0141ADY \u2013 KSI\u0104\u017bKA<\/strong><\/p>\n\n\n\n<p><strong>Fran\u00e7ois Villon, <\/strong><em><strong>Legaty czyli Ma\u0142y Testament<\/strong><\/em><strong>, prze\u0142. JK,<\/strong> Pozna\u0144 1994 | <a href=\"https:\/\/www.academia.edu\/44700298\/Fran%C3%A7ois_Villon_Les_Lais_Legaty_czyli_Ma%C5%82y_Testament_w_t%C5%82umaczeniu_Jacka_Kowalskiego_B%C4%85k_Studio_s_c_Pozna%C5%84_1994\">ca\u0142y tomik dost\u0119pny w internecie TU<\/a><\/p>\n\n\n\n<figure class=\"wp-block-image size-large is-resized\"><img loading=\"lazy\" src=\"https:\/\/jacekkowalski.pl\/wp-content\/uploads\/2022\/06\/image-5.png\" alt=\"\" class=\"wp-image-1777\" width=\"323\" height=\"457\" srcset=\"https:\/\/jacekkowalski.pl\/wp-content\/uploads\/2022\/06\/image-5.png 600w, https:\/\/jacekkowalski.pl\/wp-content\/uploads\/2022\/06\/image-5-212x300.png 212w\" sizes=\"(max-width: 323px) 100vw, 323px\" \/><\/figure>\n\n\n\n<p><strong><u>1993<\/u><\/strong><\/p>\n\n\n\n<p><strong>TW\u00d3RCZO\u015a\u0106 W\u0141ASNA<\/strong><\/p>\n\n\n\n<p>\u2013 nagrania:<\/p>\n\n\n\n<p><em>Jacek Kowalski (tekst), Wies\u0142aw Wolnik (muzyka), zesp\u00f3\u0142 aktorski, <strong>Opowie\u015b\u0107 o Persewalu i \u015bwi\u0119tym kielichu Graalu<\/strong><\/em><strong> [ba\u015b\u0144 muzyczna] <\/strong>[kaseta], Krak\u00f3w 1993<\/p>\n\n\n\n<p><strong><u>1992<\/u><\/strong><\/p>\n\n\n\n<p><strong>ARTYKU\u0141<\/strong><\/p>\n\n\n\n<p><em><strong>Obraz Jerozolimy i Konstantynopola w chanson de geste \u201ePelerinage de Charlemagne\u201d<\/strong><\/em><strong>,<\/strong> w: <em>Sprawozdania PTPN<\/em>, Wydzia\u0142 Nauk o Sztuce nr 110 za 1992<\/p>\n\n\n\n<p>&#8211; nagranie:<\/p>\n\n\n\n<figure class=\"wp-block-image size-large is-resized\"><img loading=\"lazy\" src=\"https:\/\/jacekkowalski.pl\/wp-content\/uploads\/2025\/01\/image-4.png\" alt=\"\" class=\"wp-image-2825\" width=\"178\" height=\"278\" srcset=\"https:\/\/jacekkowalski.pl\/wp-content\/uploads\/2025\/01\/image-4.png 360w, https:\/\/jacekkowalski.pl\/wp-content\/uploads\/2025\/01\/image-4-192x300.png 192w\" sizes=\"(max-width: 178px) 100vw, 178px\" \/><\/figure>\n\n\n\n<p>Jacek Kowalski (\u015bpiew, teksty, melodie), Wies\u0142aw Wolnik (aran\u017cacje, kierownictwo muzyczne), zesp\u00f3\u0142 Monogramista JK, <strong><em>Simfonie Dawidowe <\/em><\/strong>[reedycja kasety z drugiego obiegu z 1990 roku], Cz\u0119stochowa [1991? 1992?] <\/p>\n\n\n\n<p><strong><u>1991<\/u><\/strong><\/p>\n\n\n\n<p><strong><em>Autorzy i wykonawcy \u201echansons de geste\u201d<\/em><\/strong><em>,<\/em> \u201eCzas Kultury\u201d lipiec 1991, 29-30, s. 74-75<\/p>\n\n\n\n<p><strong>PRZEK\u0141ADY<\/strong><\/p>\n\n\n\n<p><strong><em>Pie\u015b\u0144 o Rolandzie<\/em><\/strong><strong> [fragment]<\/strong> \u201eCzas Kultury\u201d lipiec 1991, 29-30, s. 76-83<\/p>\n\n\n\n<p><strong>TW\u00d3RCZO\u015a\u0106 W\u0141ASNA<\/strong><\/p>\n\n\n\n<p>\u2013 nagranie<\/p>\n\n\n\n<p>Jacek Kowalski (\u015bpiew, teksty, melodie), Wies\u0142aw Wolnik (aran\u017cacje, kierownictwo muzyczne), zesp\u00f3\u0142 Monogramista JK, <em><strong>\u015apiewniczek sarmacki Jacka Kowalskiego, <\/strong><\/em>[kaseta \u2013 nowe nagranie], Krak\u00f3w&nbsp;1991<\/p>\n\n\n\n<figure class=\"wp-block-image size-large is-resized\"><img loading=\"lazy\" src=\"https:\/\/jacekkowalski.pl\/wp-content\/uploads\/2022\/06\/image-10.png\" alt=\"\" class=\"wp-image-1794\" width=\"305\" height=\"312\" srcset=\"https:\/\/jacekkowalski.pl\/wp-content\/uploads\/2022\/06\/image-10.png 470w, https:\/\/jacekkowalski.pl\/wp-content\/uploads\/2022\/06\/image-10-294x300.png 294w\" sizes=\"(max-width: 305px) 100vw, 305px\" \/><\/figure>\n\n\n\n<p><strong><u>1990<\/u><\/strong><\/p>\n\n\n\n<p><strong>PRZEK\u0141ADY<\/strong><\/p>\n\n\n\n<p><em>Pi\u0119\u0107 pie\u015bni starofrancuskich w przek\u0142adzie<\/em>, \u201eCzas Kultury\u201d wrzesie\u0144 1990, 20, s. 64-75<\/p>\n\n\n\n<p><strong>TW\u00d3RCZO\u015a\u0106 W\u0141ASNA<\/strong><\/p>\n\n\n\n<p>\u2013 publikacja ksi\u0105\u017ckowa (broszura)<\/p>\n\n\n\n<p><em><strong>Blokomachia<\/strong><\/em><strong> [tomik z ilustracjami autora; druk formalnie jeszcze drugiego obiegu, acz praktycznie ju\u017c nie], <\/strong>Krak\u00f3w \u2013 Pozna\u0144 1990<\/p>\n\n\n\n<figure class=\"wp-block-image size-large is-resized\"><img loading=\"lazy\" src=\"https:\/\/jacekkowalski.pl\/wp-content\/uploads\/2022\/06\/image-7-650x1024.png\" alt=\"\" class=\"wp-image-1782\" width=\"207\" height=\"326\" srcset=\"https:\/\/jacekkowalski.pl\/wp-content\/uploads\/2022\/06\/image-7-650x1024.png 650w, https:\/\/jacekkowalski.pl\/wp-content\/uploads\/2022\/06\/image-7-190x300.png 190w, https:\/\/jacekkowalski.pl\/wp-content\/uploads\/2022\/06\/image-7-768x1211.png 768w, https:\/\/jacekkowalski.pl\/wp-content\/uploads\/2022\/06\/image-7-974x1536.png 974w, https:\/\/jacekkowalski.pl\/wp-content\/uploads\/2022\/06\/image-7-1299x2048.png 1299w\" sizes=\"(max-width: 207px) 100vw, 207px\" \/><\/figure>\n\n\n\n<p>\u2013 nagranie:<\/p>\n\n\n\n<p>Jacek Kowalski (\u015bpiew, teksty, melodie), Wies\u0142aw Wolnik (aran\u017cacje, kierownictwo muzyczne), zesp\u00f3\u0142 Monogramista JK, <strong><em>Simfonie Dawidowe <\/em><\/strong>[kaseta], Krak\u00f3w 1990<\/p>\n\n\n\n<figure class=\"wp-block-image\"><img src=\"https:\/\/jacekkowalski.pl\/wp-content\/uploads\/2022\/06\/54_simfonie-Dawidowe.png\" alt=\"Obrazek posiada pusty atrybut alt; plik o nazwie 54_simfonie-Dawidowe.png\"\/><\/figure>\n\n\n\n<p><strong><u>1989<\/u><\/strong><\/p>\n\n\n\n<p><strong>KSI\u0104\u017bKI (broszura)<\/strong><\/p>\n\n\n\n<p><\/p>\n\n\n\n<figure class=\"wp-block-image is-resized\"><img loading=\"lazy\" src=\"https:\/\/jacekkowalski.pl\/wp-content\/uploads\/2022\/08\/DSC01915.jpg\" alt=\"\" class=\"wp-image-1930\" width=\"203\" height=\"391\" srcset=\"https:\/\/jacekkowalski.pl\/wp-content\/uploads\/2022\/08\/DSC01915.jpg 583w, https:\/\/jacekkowalski.pl\/wp-content\/uploads\/2022\/08\/DSC01915-156x300.jpg 156w, https:\/\/jacekkowalski.pl\/wp-content\/uploads\/2022\/08\/DSC01915-531x1024.jpg 531w\" sizes=\"(max-width: 203px) 100vw, 203px\" \/><\/figure>\n\n\n\n<p><strong><em>Osobliwo\u015bci i \u015bwi\u0119to\u015bci duszpasterstwa akademickiego (tudzie\u017c szk\u00f3\u0142 \u015brednich) oraz klasztoru i ko\u015bcio\u0142a OO. Dominikan\u00f3w w Poznaniu<\/em><\/strong>, Duszpasterstwo Akademickie oo. dominikan\u00f3w w Poznaniu. Rysunki Weronika W\u0119c\u0142awska, opracowanie graficzne i projekt ok\u0142adki Katarzyna Jasicka [Pozna\u0144 1989, druk w drukarni Wydawnictwa \u015awi\u0119tego Wojciecha na prawach r\u0119kopisu, 24 s.]<\/p>\n\n\n\n<p><\/p>\n\n\n\n<p><strong><u>1988<\/u><\/strong><\/p>\n\n\n\n<p><strong>TW\u00d3RCZO\u015a\u0106 W\u0141ASNA<\/strong><\/p>\n\n\n\n<p><strong>KSI\u0104\u017bKI<\/strong> <strong>(broszury)<\/strong><\/p>\n\n\n\n<p><em><strong>Simfonie Dawidowe<\/strong><\/em><strong> <\/strong>[druk drugiego obiegu]<strong>, Pozna\u0144-Krak\u00f3w 1986 <\/strong>[w\u0142a\u015bciwie: Krak\u00f3w 1989] <\/p>\n\n\n\n<figure class=\"wp-block-image size-large\"><img loading=\"lazy\" width=\"731\" height=\"1024\" src=\"https:\/\/jacekkowalski.pl\/wp-content\/uploads\/2025\/02\/image-731x1024.png\" alt=\"\" class=\"wp-image-2856\" srcset=\"https:\/\/jacekkowalski.pl\/wp-content\/uploads\/2025\/02\/image-731x1024.png 731w, https:\/\/jacekkowalski.pl\/wp-content\/uploads\/2025\/02\/image-214x300.png 214w, https:\/\/jacekkowalski.pl\/wp-content\/uploads\/2025\/02\/image-768x1076.png 768w, https:\/\/jacekkowalski.pl\/wp-content\/uploads\/2025\/02\/image-1096x1536.png 1096w, https:\/\/jacekkowalski.pl\/wp-content\/uploads\/2025\/02\/image-1462x2048.png 1462w, https:\/\/jacekkowalski.pl\/wp-content\/uploads\/2025\/02\/image.png 1688w\" sizes=\"(max-width: 731px) 100vw, 731px\" \/><\/figure>\n\n\n\n<p><em><strong>\u015apiewniczek Sarmacki Jacka Kowalskiego<\/strong><\/em><strong> [druk drugiego obiegu], <\/strong>Krak\u00f3w \u2013 Pozna\u0144 1988<\/p>\n\n\n\n<figure class=\"wp-block-image size-large is-resized\"><img loading=\"lazy\" src=\"https:\/\/jacekkowalski.pl\/wp-content\/uploads\/2022\/06\/55_Spiewniczek-Sarmacki.jpg\" alt=\"\" class=\"wp-image-1607\" width=\"346\" height=\"471\" srcset=\"https:\/\/jacekkowalski.pl\/wp-content\/uploads\/2022\/06\/55_Spiewniczek-Sarmacki.jpg 691w, https:\/\/jacekkowalski.pl\/wp-content\/uploads\/2022\/06\/55_Spiewniczek-Sarmacki-220x300.jpg 220w\" sizes=\"(max-width: 346px) 100vw, 346px\" \/><\/figure>\n\n\n\n<p>\u2013 nagranie<\/p>\n\n\n\n<p>Jacek Kowalski (\u015bpiew, teksty, melodie), Wies\u0142aw Wolnik (aran\u017cacje, kierownictwo muzyczne), zesp\u00f3\u0142 Monogramista JK, <strong><em>\u015apiewniczek Sarmacki Jacka Kowalskiego<\/em><\/strong>, <em>Grono Przyjacielskie, <\/em>Krak\u00f3w 1988 [kaseta \u2013 publikacja drugiego obiegu]<\/p>\n\n\n\n<figure class=\"wp-block-image size-large is-resized\"><img loading=\"lazy\" src=\"https:\/\/jacekkowalski.pl\/wp-content\/uploads\/2025\/01\/image-3.png\" alt=\"\" class=\"wp-image-2823\" width=\"364\" height=\"374\" srcset=\"https:\/\/jacekkowalski.pl\/wp-content\/uploads\/2025\/01\/image-3.png 741w, https:\/\/jacekkowalski.pl\/wp-content\/uploads\/2025\/01\/image-3-291x300.png 291w\" sizes=\"(max-width: 364px) 100vw, 364px\" \/><\/figure>\n","protected":false},"excerpt":{"rendered":"<p>uwaga: poni\u017cszy spis zasadniczo nie obejmuje artyku\u0142\u00f3w publicystycznych i popularnonaukowych 2025 KSI\u0104\u017bKI REDAGOWANE Karol Firganek, Pami\u0119tnik powsta\u0144ca 1863, red. Jacek Kowalski, opr. Iga Jewiarz, Jacek Kowalski, Jan Kulpi\u0144ski, PAN Biblioteka K\u00f3rnicka, K\u00f3rnik 2025, ISBN 978-83-85213-80-2 Klasztor i kolegiata. Studia z historii sztuki i literatury \u015bredniowiecznej. \/ Couvent, monast\u00e8re, coll\u00e9giale. \u00c9tudes sur l\u2019histoire et la litt\u00e9rature &hellip; <\/p>\n<p class=\"link-more\"><a href=\"https:\/\/jacekkowalski.pl\/?page_id=1550\" class=\"more-link\">Czytaj dalej<span class=\"screen-reader-text\"> publikacje Kowalskiego<\/span><\/a><\/p>\n","protected":false},"author":2,"featured_media":0,"parent":0,"menu_order":0,"comment_status":"closed","ping_status":"closed","template":"","meta":{"ngg_post_thumbnail":0},"_links":{"self":[{"href":"https:\/\/jacekkowalski.pl\/index.php?rest_route=\/wp\/v2\/pages\/1550"}],"collection":[{"href":"https:\/\/jacekkowalski.pl\/index.php?rest_route=\/wp\/v2\/pages"}],"about":[{"href":"https:\/\/jacekkowalski.pl\/index.php?rest_route=\/wp\/v2\/types\/page"}],"author":[{"embeddable":true,"href":"https:\/\/jacekkowalski.pl\/index.php?rest_route=\/wp\/v2\/users\/2"}],"replies":[{"embeddable":true,"href":"https:\/\/jacekkowalski.pl\/index.php?rest_route=%2Fwp%2Fv2%2Fcomments&post=1550"}],"version-history":[{"count":166,"href":"https:\/\/jacekkowalski.pl\/index.php?rest_route=\/wp\/v2\/pages\/1550\/revisions"}],"predecessor-version":[{"id":3154,"href":"https:\/\/jacekkowalski.pl\/index.php?rest_route=\/wp\/v2\/pages\/1550\/revisions\/3154"}],"wp:attachment":[{"href":"https:\/\/jacekkowalski.pl\/index.php?rest_route=%2Fwp%2Fv2%2Fmedia&parent=1550"}],"curies":[{"name":"wp","href":"https:\/\/api.w.org\/{rel}","templated":true}]}}